{"id":7764,"date":"2011-07-20T09:08:30","date_gmt":"2011-07-20T09:08:30","guid":{"rendered":"http:\/\/grafologia.cat\/?page_id=7764"},"modified":"2023-01-02T17:17:43","modified_gmt":"2023-01-02T17:17:43","slug":"contacta-amb-mi","status":"publish","type":"page","link":"https:\/\/ull.grafologia.cat\/ca\/contacta-amb-mi\/","title":{"rendered":"Contacta amb mi"},"content":{"rendered":"[vc_row type=\u00bbin_container\u00bb full_screen_row_position=\u00bbmiddle\u00bb column_margin=\u00bbdefault\u00bb column_direction=\u00bbdefault\u00bb column_direction_tablet=\u00bbdefault\u00bb column_direction_phone=\u00bbdefault\u00bb scene_position=\u00bbcenter\u00bb text_color=\u00bbdark\u00bb text_align=\u00bbleft\u00bb row_border_radius=\u00bbnone\u00bb row_border_radius_applies=\u00bbbg\u00bb overflow=\u00bbvisible\u00bb overlay_strength=\u00bb0.3&#8243; gradient_direction=\u00bbleft_to_right\u00bb shape_divider_position=\u00bbbottom\u00bb bg_image_animation=\u00bbnone\u00bb][vc_column column_padding=\u00bbno-extra-padding\u00bb column_padding_tablet=\u00bbinherit\u00bb column_padding_phone=\u00bbinherit\u00bb column_padding_position=\u00bball\u00bb column_element_direction_desktop=\u00bbdefault\u00bb column_element_spacing=\u00bbdefault\u00bb desktop_text_alignment=\u00bbdefault\u00bb tablet_text_alignment=\u00bbdefault\u00bb phone_text_alignment=\u00bbdefault\u00bb background_color_opacity=\u00bb1&#8243; background_hover_color_opacity=\u00bb1&#8243; column_backdrop_filter=\u00bbnone\u00bb column_shadow=\u00bbnone\u00bb column_border_radius=\u00bbnone\u00bb column_link_target=\u00bb_self\u00bb column_position=\u00bbdefault\u00bb gradient_direction=\u00bbleft_to_right\u00bb overlay_strength=\u00bb0.3&#8243; width=\u00bb1\/2&#8243; tablet_width_inherit=\u00bbdefault\u00bb animation_type=\u00bbdefault\u00bb bg_image_animation=\u00bbnone\u00bb border_type=\u00bbsimple\u00bb column_border_width=\u00bbnone\u00bb column_border_style=\u00bbsolid\u00bb][\/vc_column][vc_column column_padding=\u00bbno-extra-padding\u00bb column_padding_tablet=\u00bbinherit\u00bb column_padding_phone=\u00bbinherit\u00bb column_padding_position=\u00bball\u00bb column_element_direction_desktop=\u00bbdefault\u00bb column_element_spacing=\u00bbdefault\u00bb desktop_text_alignment=\u00bbdefault\u00bb tablet_text_alignment=\u00bbdefault\u00bb phone_text_alignment=\u00bbdefault\u00bb background_color_opacity=\u00bb1&#8243; background_hover_color_opacity=\u00bb1&#8243; column_backdrop_filter=\u00bbnone\u00bb column_shadow=\u00bbnone\u00bb column_border_radius=\u00bbnone\u00bb column_link_target=\u00bb_self\u00bb column_position=\u00bbdefault\u00bb gradient_direction=\u00bbleft_to_right\u00bb overlay_strength=\u00bb0.3&#8243; width=\u00bb1\/2&#8243; tablet_width_inherit=\u00bbdefault\u00bb animation_type=\u00bbdefault\u00bb bg_image_animation=\u00bbnone\u00bb border_type=\u00bbsimple\u00bb column_border_width=\u00bbnone\u00bb column_border_style=\u00bbsolid\u00bb][\/vc_column][\/vc_row][vc_row type=\u00bbin_container\u00bb full_screen_row_position=\u00bbmiddle\u00bb column_margin=\u00bbdefault\u00bb column_direction=\u00bbdefault\u00bb column_direction_tablet=\u00bbdefault\u00bb column_direction_phone=\u00bbdefault\u00bb scene_position=\u00bbcenter\u00bb text_color=\u00bbdark\u00bb text_align=\u00bbleft\u00bb row_border_radius=\u00bbnone\u00bb row_border_radius_applies=\u00bbbg\u00bb overflow=\u00bbvisible\u00bb overlay_strength=\u00bb0.3&#8243; gradient_direction=\u00bbleft_to_right\u00bb shape_divider_position=\u00bbbottom\u00bb bg_image_animation=\u00bbnone\u00bb][vc_column column_padding=\u00bbno-extra-padding\u00bb column_padding_tablet=\u00bbinherit\u00bb column_padding_phone=\u00bbinherit\u00bb column_padding_position=\u00bball\u00bb column_element_direction_desktop=\u00bbdefault\u00bb column_element_spacing=\u00bbdefault\u00bb desktop_text_alignment=\u00bbdefault\u00bb tablet_text_alignment=\u00bbdefault\u00bb phone_text_alignment=\u00bbdefault\u00bb background_color_opacity=\u00bb1&#8243; background_hover_color_opacity=\u00bb1&#8243; column_backdrop_filter=\u00bbnone\u00bb column_shadow=\u00bbnone\u00bb column_border_radius=\u00bbnone\u00bb column_link_target=\u00bb_self\u00bb column_position=\u00bbdefault\u00bb gradient_direction=\u00bbleft_to_right\u00bb overlay_strength=\u00bb0.3&#8243; width=\u00bb1\/1&#8243; tablet_width_inherit=\u00bbdefault\u00bb animation_type=\u00bbdefault\u00bb bg_image_animation=\u00bbnone\u00bb border_type=\u00bbsimple\u00bb column_border_width=\u00bbnone\u00bb column_border_style=\u00bbsolid\u00bb][divider line_type=\u00bbNo Line\u00bb custom_height=\u00bb70&#8243;][vc_row_inner column_margin=\u00bbdefault\u00bb column_direction=\u00bbdefault\u00bb column_direction_tablet=\u00bbdefault\u00bb column_direction_phone=\u00bbdefault\u00bb text_align=\u00bbleft\u00bb row_position=\u00bbdefault\u00bb row_position_tablet=\u00bbinherit\u00bb row_position_phone=\u00bbinherit\u00bb overflow=\u00bbvisible\u00bb pointer_events=\u00bball\u00bb][vc_column_inner column_padding=\u00bbno-extra-padding\u00bb column_padding_tablet=\u00bbinherit\u00bb column_padding_phone=\u00bbinherit\u00bb column_padding_position=\u00bball\u00bb column_element_direction_desktop=\u00bbdefault\u00bb column_element_spacing=\u00bbdefault\u00bb desktop_text_alignment=\u00bbdefault\u00bb tablet_text_alignment=\u00bbdefault\u00bb phone_text_alignment=\u00bbdefault\u00bb background_color_opacity=\u00bb1&#8243; background_hover_color_opacity=\u00bb1&#8243; column_backdrop_filter=\u00bbnone\u00bb column_shadow=\u00bbnone\u00bb column_border_radius=\u00bbnone\u00bb column_link_target=\u00bb_self\u00bb overflow=\u00bbvisible\u00bb gradient_direction=\u00bbleft_to_right\u00bb overlay_strength=\u00bb0.3&#8243; width=\u00bb1\/2&#8243; tablet_width_inherit=\u00bbdefault\u00bb animation_type=\u00bbdefault\u00bb bg_image_animation=\u00bbnone\u00bb border_type=\u00bbsimple\u00bb column_border_width=\u00bbnone\u00bb column_border_style=\u00bbsolid\u00bb][vc_column_text]\n<h4 style=\"color: #000000; text-align: center;\"><strong>Eva Mi\u00f1ana Pascual<\/strong><\/h4>\n<h4 style=\"color: #000000; text-align: center;\">+34 670 29 47 22<\/h4>\n<h4 style=\"color: #000000; text-align: center;\"><a href=\"mailto:eva@grafologia.cat\">eva@grafologia.cat<\/a><\/h4>\n<p>&nbsp;<\/p>\n<p style=\"text-align: center;\"><img loading=\"lazy\" decoding=\"async\" class=\"wp-image-506 size-medium\" src=\"https:\/\/ull.grafologia.cat\/wp-content\/uploads\/2011\/07\/Tarja-de-contacte-1-300x184.gif\" alt=\"Contacta\" width=\"300\" height=\"184\" \/><\/p>\n[\/vc_column_text][\/vc_column_inner][vc_column_inner column_padding=\u00bbno-extra-padding\u00bb column_padding_tablet=\u00bbinherit\u00bb column_padding_phone=\u00bbinherit\u00bb column_padding_position=\u00bball\u00bb column_element_direction_desktop=\u00bbdefault\u00bb column_element_spacing=\u00bbdefault\u00bb desktop_text_alignment=\u00bbdefault\u00bb tablet_text_alignment=\u00bbdefault\u00bb phone_text_alignment=\u00bbdefault\u00bb background_color_opacity=\u00bb1&#8243; background_hover_color_opacity=\u00bb1&#8243; column_backdrop_filter=\u00bbnone\u00bb column_shadow=\u00bbnone\u00bb column_border_radius=\u00bbnone\u00bb column_link_target=\u00bb_self\u00bb overflow=\u00bbvisible\u00bb gradient_direction=\u00bbleft_to_right\u00bb overlay_strength=\u00bb0.3&#8243; width=\u00bb1\/2&#8243; tablet_width_inherit=\u00bbdefault\u00bb animation_type=\u00bbdefault\u00bb bg_image_animation=\u00bbnone\u00bb border_type=\u00bbsimple\u00bb column_border_width=\u00bbnone\u00bb column_border_style=\u00bbsolid\u00bb][vc_column_text]\n<h4>Com et puc ajudar?<\/h4>\n[\/vc_column_text][divider line_type=\u00bbNo Line\u00bb custom_height=\u00bb50&#8243;][vc_column_text]\n<div class=\"wpcf7 no-js\" id=\"wpcf7-f6263-o1\" lang=\"es-ES\" dir=\"ltr\" data-wpcf7-id=\"6263\">\n<div class=\"screen-reader-response\"><p role=\"status\" aria-live=\"polite\" aria-atomic=\"true\"><\/p> <ul><\/ul><\/div>\n<form action=\"\/ca\/wp-json\/wp\/v2\/pages\/7764#wpcf7-f6263-o1\" method=\"post\" class=\"wpcf7-form init\" aria-label=\"Formulario de contacto\" novalidate=\"novalidate\" data-status=\"init\">\n<fieldset class=\"hidden-fields-container\"><input type=\"hidden\" name=\"_wpcf7\" value=\"6263\" \/><input type=\"hidden\" name=\"_wpcf7_version\" value=\"6.1.7\" \/><input type=\"hidden\" name=\"_wpcf7_locale\" value=\"es_ES\" \/><input type=\"hidden\" name=\"_wpcf7_unit_tag\" value=\"wpcf7-f6263-o1\" \/><input type=\"hidden\" name=\"_wpcf7_container_post\" value=\"0\" \/><input type=\"hidden\" name=\"_wpcf7_posted_data_hash\" value=\"\" \/><input type=\"hidden\" name=\"_wpcf7_recaptcha_response\" value=\"\" \/>\n<\/fieldset>\n<p><span class=\"wpcf7-form-control-wrap\" data-name=\"your-name\"><input size=\"40\" maxlength=\"400\" class=\"wpcf7-form-control wpcf7-text wpcf7-validates-as-required\" aria-required=\"true\" aria-invalid=\"false\" placeholder=\"El teu nom\" value=\"\" type=\"text\" name=\"your-name\" \/><\/span><br \/>\n<span class=\"wpcf7-form-control-wrap\" data-name=\"your-email\"><input size=\"40\" maxlength=\"400\" class=\"wpcf7-form-control wpcf7-email wpcf7-validates-as-required wpcf7-text wpcf7-validates-as-email\" aria-required=\"true\" aria-invalid=\"false\" placeholder=\"El teu email\" value=\"\" type=\"email\" name=\"your-email\" \/><\/span><br \/>\n<span class=\"wpcf7-form-control-wrap\" data-name=\"your-message\"><textarea cols=\"40\" rows=\"10\" maxlength=\"2000\" class=\"wpcf7-form-control wpcf7-textarea\" aria-invalid=\"false\" placeholder=\"Missatge\" name=\"your-message\"><\/textarea><\/span>\n<\/p>\n<p><label><br \/>\n<input class=\"wpcf7-form-control wpcf7-submit has-spinner\" type=\"submit\" value=\"Enviar\" \/> <\/label>\n<\/p><p style=\"display: none !important;\" class=\"akismet-fields-container\" data-prefix=\"_wpcf7_ak_\"><label>&#916;<textarea name=\"_wpcf7_ak_hp_textarea\" cols=\"45\" rows=\"8\" maxlength=\"100\"><\/textarea><\/label><input type=\"hidden\" id=\"ak_js_1\" name=\"_wpcf7_ak_js\" value=\"51\"\/><script>\ndocument.getElementById( \"ak_js_1\" ).setAttribute( \"value\", ( new Date() ).getTime() );\n<\/script>\n<\/p><div class=\"wpcf7-response-output\" aria-hidden=\"true\"><\/div>\n<\/form>\n<\/div>\n[\/vc_column_text][\/vc_column_inner][\/vc_row_inner][divider line_type=\u00bbNo Line\u00bb custom_height=\u00bb70&#8243;][\/vc_column][\/vc_row]\n","protected":false},"excerpt":{"rendered":"<p>[vc_row type=\u00bbin_container\u00bb full_screen_row_position=\u00bbmiddle\u00bb column_margin=\u00bbdefault\u00bb column_direction=\u00bbdefault\u00bb column_direction_tablet=\u00bbdefault\u00bb column_direction_phone=\u00bbdefault\u00bb scene_position=\u00bbcenter\u00bb text_color=\u00bbdark\u00bb text_align=\u00bbleft\u00bb row_border_radius=\u00bbnone\u00bb row_border_radius_applies=\u00bbbg\u00bb overflow=\u00bbvisible\u00bb overlay_strength=\u00bb0.3&#8243; gradient_direction=\u00bbleft_to_right\u00bb shape_divider_position=\u00bbbottom\u00bb bg_image_animation=\u00bbnone\u00bb][vc_column column_padding=\u00bbno-extra-padding\u00bb column_padding_tablet=\u00bbinherit\u00bb column_padding_phone=\u00bbinherit\u00bb column_padding_position=\u00bball\u00bb column_element_direction_desktop=\u00bbdefault\u00bb column_element_spacing=\u00bbdefault\u00bb desktop_text_alignment=\u00bbdefault\u00bb tablet_text_alignment=\u00bbdefault\u00bb&#8230;<\/p>\n","protected":false},"author":4,"featured_media":0,"parent":0,"menu_order":4,"comment_status":"closed","ping_status":"closed","template":"","meta":{"footnotes":""},"class_list":["post-7764","page","type-page","status-publish"],"aioseo_notices":[],"aioseo_head":"\n\t\t<!-- All in One SEO 5.0.1.1 - aioseo.com -->\n\t<meta name=\"description\" content=\"Contacta amb mi per tel\u00e8fon, per email (eva@grafologia.cat) o omple el formulari amb els teus comentaris i t&#039;atendre el m\u00e9s aviat possible.\" \/>\n\t<meta name=\"robots\" content=\"noindex, nofollow, max-image-preview:large\" \/>\n\t<link rel=\"canonical\" href=\"https:\/\/ull.grafologia.cat\/ca\/contacta-amb-mi\/\" \/>\n\t<meta name=\"generator\" content=\"All in One SEO (AIOSEO) 5.0.1.1\" \/>\n\t\t<meta property=\"og:locale\" content=\"ca_ES\" \/>\n\t\t<meta property=\"og:site_name\" content=\"Eva Mi\u00f1ana - Grafolog\u00eda y Peritaje Caligr\u00e1fico - Web de Eva Mi\u00f1ana dedicada a la Grafolog\u00eda y al Peritaje Caligr\u00e1fico\" \/>\n\t\t<meta property=\"og:type\" content=\"article\" \/>\n\t\t<meta property=\"og:title\" content=\"Contacta amb Eva Mi\u00f1ana, Graf\u00f2loga i P\u00e8rit Cal\u00b7ligr\u00e0fic\" \/>\n\t\t<meta property=\"og:description\" content=\"Contacta amb mi per tel\u00e8fon, per email (eva@grafologia.cat) o omple el formulari amb els teus comentaris i t&#039;atendre el m\u00e9s aviat possible.\" \/>\n\t\t<meta property=\"og:url\" content=\"https:\/\/ull.grafologia.cat\/ca\/contacta-amb-mi\/\" \/>\n\t\t<meta property=\"og:image\" content=\"https:\/\/ull.grafologia.cat\/wp-content\/uploads\/2021\/03\/Eva_web_2.jpg\" \/>\n\t\t<meta property=\"og:image:secure_url\" content=\"https:\/\/ull.grafologia.cat\/wp-content\/uploads\/2021\/03\/Eva_web_2.jpg\" \/>\n\t\t<meta property=\"og:image:width\" content=\"245\" \/>\n\t\t<meta property=\"og:image:height\" content=\"245\" \/>\n\t\t<meta property=\"article:published_time\" content=\"2011-07-20T09:08:30+00:00\" \/>\n\t\t<meta property=\"article:modified_time\" content=\"2023-01-02T17:17:43+00:00\" \/>\n\t\t<meta property=\"article:publisher\" content=\"https:\/\/www.facebook.com\/mundografologia\" \/>\n\t\t<meta name=\"twitter:card\" content=\"summary_large_image\" \/>\n\t\t<meta name=\"twitter:site\" content=\"@evagrafologia\" \/>\n\t\t<meta name=\"twitter:title\" content=\"Contacta amb Eva Mi\u00f1ana, Graf\u00f2loga i P\u00e8rit Cal\u00b7ligr\u00e0fic\" \/>\n\t\t<meta name=\"twitter:description\" content=\"Contacta amb mi per tel\u00e8fon, per email (eva@grafologia.cat) o omple el formulari amb els teus comentaris i t&#039;atendre el m\u00e9s aviat possible.\" \/>\n\t\t<meta name=\"twitter:creator\" content=\"@evagrafologia\" \/>\n\t\t<meta name=\"twitter:image\" content=\"https:\/\/ull.grafologia.cat\/wp-content\/uploads\/2021\/03\/Eva_web_2.jpg\" \/>\n\t\t<script type=\"application\/ld+json\" class=\"aioseo-schema\">\n\t\t\t{\"@context\":\"https:\\\/\\\/schema.org\",\"@graph\":[{\"@type\":\"BreadcrumbList\",\"@id\":\"https:\\\/\\\/ull.grafologia.cat\\\/ca\\\/contacta-amb-mi\\\/#breadcrumblist\",\"itemListElement\":[{\"@type\":\"ListItem\",\"@id\":\"https:\\\/\\\/ull.grafologia.cat\\\/ca\\\/#listItem\",\"position\":1,\"name\":\"Inicio\",\"item\":\"https:\\\/\\\/ull.grafologia.cat\\\/ca\\\/\",\"nextItem\":{\"@type\":\"ListItem\",\"@id\":\"https:\\\/\\\/ull.grafologia.cat\\\/ca\\\/contacta-amb-mi\\\/#listItem\",\"name\":\"Contacta amb mi\"}},{\"@type\":\"ListItem\",\"@id\":\"https:\\\/\\\/ull.grafologia.cat\\\/ca\\\/contacta-amb-mi\\\/#listItem\",\"position\":2,\"name\":\"Contacta amb mi\",\"previousItem\":{\"@type\":\"ListItem\",\"@id\":\"https:\\\/\\\/ull.grafologia.cat\\\/ca\\\/#listItem\",\"name\":\"Inicio\"}}]},{\"@type\":\"Organization\",\"@id\":\"https:\\\/\\\/ull.grafologia.cat\\\/ca\\\/#organization\",\"name\":\"Eva Mi\\u00f1ana - Grafolog\\u00eda y Peritaje Caligr\\u00e1fico\",\"description\":\"Web de Eva Mi\\u00f1ana dedicada a la Grafolog\\u00eda y al Peritaje Caligr\\u00e1fico\",\"url\":\"https:\\\/\\\/ull.grafologia.cat\\\/ca\\\/\",\"telephone\":\"+34670294722\",\"logo\":{\"@type\":\"ImageObject\",\"url\":\"https:\\\/\\\/ull.grafologia.cat\\\/wp-content\\\/uploads\\\/2022\\\/12\\\/Logo-Gran.png\",\"@id\":\"https:\\\/\\\/ull.grafologia.cat\\\/ca\\\/contacta-amb-mi\\\/#organizationLogo\",\"width\":832,\"height\":736},\"image\":{\"@id\":\"https:\\\/\\\/ull.grafologia.cat\\\/ca\\\/contacta-amb-mi\\\/#organizationLogo\"},\"sameAs\":[\"https:\\\/\\\/www.facebook.com\\\/mundografologia\",\"https:\\\/\\\/twitter.com\\\/evagrafologia\",\"https:\\\/\\\/www.instagram.com\\\/mundografologia\\\/\",\"https:\\\/\\\/www.youtube.com\\\/mundografologia\",\"https:\\\/\\\/www.linkedin.com\\\/in\\\/eva-miana\\\/?originalSubdomain=es\"]},{\"@type\":\"WebPage\",\"@id\":\"https:\\\/\\\/ull.grafologia.cat\\\/ca\\\/contacta-amb-mi\\\/#webpage\",\"url\":\"https:\\\/\\\/ull.grafologia.cat\\\/ca\\\/contacta-amb-mi\\\/\",\"name\":\"Contacta amb Eva Mi\\u00f1ana, Graf\\u00f2loga i P\\u00e8rit Cal\\u00b7ligr\\u00e0fic\",\"description\":\"Contacta amb mi per tel\\u00e8fon, per email (eva@grafologia.cat) o omple el formulari amb els teus comentaris i t'atendre el m\\u00e9s aviat possible.\",\"inLanguage\":\"ca\",\"isPartOf\":{\"@id\":\"https:\\\/\\\/ull.grafologia.cat\\\/ca\\\/#website\"},\"breadcrumb\":{\"@id\":\"https:\\\/\\\/ull.grafologia.cat\\\/ca\\\/contacta-amb-mi\\\/#breadcrumblist\"},\"datePublished\":\"2011-07-20T09:08:30+00:00\",\"dateModified\":\"2023-01-02T17:17:43+00:00\"},{\"@type\":\"WebSite\",\"@id\":\"https:\\\/\\\/ull.grafologia.cat\\\/ca\\\/#website\",\"url\":\"https:\\\/\\\/ull.grafologia.cat\\\/ca\\\/\",\"name\":\"Eva Mi\\u00f1ana - Grafolog\\u00eda y Peritaje Caligr\\u00e1fico\",\"description\":\"Web de Eva Mi\\u00f1ana dedicada a la Grafolog\\u00eda y al Peritaje Caligr\\u00e1fico\",\"inLanguage\":\"ca\",\"publisher\":{\"@id\":\"https:\\\/\\\/ull.grafologia.cat\\\/ca\\\/#organization\"}}]}\n\t\t<\/script>\n\t\t<!-- All in One SEO -->\n\n","aioseo_head_json":{"title":"Contacta amb Eva Mi\u00f1ana, Graf\u00f2loga i P\u00e8rit Cal\u00b7ligr\u00e0fic","description":"Contacta amb mi per tel\u00e8fon, per email (eva@grafologia.cat) o omple el formulari amb els teus comentaris i t'atendre el m\u00e9s aviat possible.","canonical_url":"https:\/\/ull.grafologia.cat\/ca\/contacta-amb-mi\/","robots":"noindex, nofollow, max-image-preview:large","keywords":"","webmasterTools":{"miscellaneous":""},"schema":{"@context":"https:\/\/schema.org","@graph":[{"@type":"BreadcrumbList","@id":"https:\/\/ull.grafologia.cat\/ca\/contacta-amb-mi\/#breadcrumblist","itemListElement":[{"@type":"ListItem","@id":"https:\/\/ull.grafologia.cat\/ca\/#listItem","position":1,"name":"Inicio","item":"https:\/\/ull.grafologia.cat\/ca\/","nextItem":{"@type":"ListItem","@id":"https:\/\/ull.grafologia.cat\/ca\/contacta-amb-mi\/#listItem","name":"Contacta amb mi"}},{"@type":"ListItem","@id":"https:\/\/ull.grafologia.cat\/ca\/contacta-amb-mi\/#listItem","position":2,"name":"Contacta amb mi","previousItem":{"@type":"ListItem","@id":"https:\/\/ull.grafologia.cat\/ca\/#listItem","name":"Inicio"}}]},{"@type":"Organization","@id":"https:\/\/ull.grafologia.cat\/ca\/#organization","name":"Eva Mi\u00f1ana - Grafolog\u00eda y Peritaje Caligr\u00e1fico","description":"Web de Eva Mi\u00f1ana dedicada a la Grafolog\u00eda y al Peritaje Caligr\u00e1fico","url":"https:\/\/ull.grafologia.cat\/ca\/","telephone":"+34670294722","logo":{"@type":"ImageObject","url":"https:\/\/ull.grafologia.cat\/wp-content\/uploads\/2022\/12\/Logo-Gran.png","@id":"https:\/\/ull.grafologia.cat\/ca\/contacta-amb-mi\/#organizationLogo","width":832,"height":736},"image":{"@id":"https:\/\/ull.grafologia.cat\/ca\/contacta-amb-mi\/#organizationLogo"},"sameAs":["https:\/\/www.facebook.com\/mundografologia","https:\/\/twitter.com\/evagrafologia","https:\/\/www.instagram.com\/mundografologia\/","https:\/\/www.youtube.com\/mundografologia","https:\/\/www.linkedin.com\/in\/eva-miana\/?originalSubdomain=es"]},{"@type":"WebPage","@id":"https:\/\/ull.grafologia.cat\/ca\/contacta-amb-mi\/#webpage","url":"https:\/\/ull.grafologia.cat\/ca\/contacta-amb-mi\/","name":"Contacta amb Eva Mi\u00f1ana, Graf\u00f2loga i P\u00e8rit Cal\u00b7ligr\u00e0fic","description":"Contacta amb mi per tel\u00e8fon, per email (eva@grafologia.cat) o omple el formulari amb els teus comentaris i t'atendre el m\u00e9s aviat possible.","inLanguage":"ca","isPartOf":{"@id":"https:\/\/ull.grafologia.cat\/ca\/#website"},"breadcrumb":{"@id":"https:\/\/ull.grafologia.cat\/ca\/contacta-amb-mi\/#breadcrumblist"},"datePublished":"2011-07-20T09:08:30+00:00","dateModified":"2023-01-02T17:17:43+00:00"},{"@type":"WebSite","@id":"https:\/\/ull.grafologia.cat\/ca\/#website","url":"https:\/\/ull.grafologia.cat\/ca\/","name":"Eva Mi\u00f1ana - Grafolog\u00eda y Peritaje Caligr\u00e1fico","description":"Web de Eva Mi\u00f1ana dedicada a la Grafolog\u00eda y al Peritaje Caligr\u00e1fico","inLanguage":"ca","publisher":{"@id":"https:\/\/ull.grafologia.cat\/ca\/#organization"}}]},"og:locale":"ca_ES","og:site_name":"Eva Mi\u00f1ana - Grafolog\u00eda y Peritaje Caligr\u00e1fico - Web de Eva Mi\u00f1ana dedicada a la Grafolog\u00eda y al Peritaje Caligr\u00e1fico","og:type":"article","og:title":"Contacta amb Eva Mi\u00f1ana, Graf\u00f2loga i P\u00e8rit Cal\u00b7ligr\u00e0fic","og:description":"Contacta amb mi per tel\u00e8fon, per email (eva@grafologia.cat) o omple el formulari amb els teus comentaris i t'atendre el m\u00e9s aviat possible.","og:url":"https:\/\/ull.grafologia.cat\/ca\/contacta-amb-mi\/","og:image":"https:\/\/ull.grafologia.cat\/wp-content\/uploads\/2021\/03\/Eva_web_2.jpg","og:image:secure_url":"https:\/\/ull.grafologia.cat\/wp-content\/uploads\/2021\/03\/Eva_web_2.jpg","og:image:width":245,"og:image:height":245,"article:published_time":"2011-07-20T09:08:30+00:00","article:modified_time":"2023-01-02T17:17:43+00:00","article:publisher":"https:\/\/www.facebook.com\/mundografologia","twitter:card":"summary_large_image","twitter:site":"@evagrafologia","twitter:title":"Contacta amb Eva Mi\u00f1ana, Graf\u00f2loga i P\u00e8rit Cal\u00b7ligr\u00e0fic","twitter:description":"Contacta amb mi per tel\u00e8fon, per email (eva@grafologia.cat) o omple el formulari amb els teus comentaris i t'atendre el m\u00e9s aviat possible.","twitter:creator":"@evagrafologia","twitter:image":"https:\/\/ull.grafologia.cat\/wp-content\/uploads\/2021\/03\/Eva_web_2.jpg"},"aioseo_meta_data":{"post_id":"7764","title":"Contacta amb Eva Mi\u00f1ana, Graf\u00f2loga i P\u00e8rit Cal\u00b7ligr\u00e0fic","description":"Contacta amb mi per tel\u00e8fon, per email (eva@grafologia.cat) o omple el formulari amb els teus comentaris i t'atendre el m\u00e9s aviat possible.","keywords":[],"keyphrases":{"focus":{"keyphrase":"","score":0,"analysis":{"keyphraseInTitle":{"score":0,"maxScore":9,"error":1}}},"additional":[]},"primary_term":null,"canonical_url":null,"og_title":null,"og_description":null,"og_object_type":"default","og_image_type":"default","og_image_url":null,"og_image_width":null,"og_image_height":null,"og_image_custom_url":null,"og_image_custom_fields":null,"og_video":"","og_custom_url":null,"og_article_section":null,"og_article_tags":[],"twitter_use_og":false,"twitter_card":"default","twitter_image_type":"default","twitter_image_url":null,"twitter_image_custom_url":null,"twitter_image_custom_fields":null,"twitter_title":null,"twitter_description":null,"schema":{"blockGraphs":[],"customGraphs":[],"default":{"data":{"Article":[],"Course":[],"Dataset":[],"FAQPage":[],"Movie":[],"Person":[],"Product":[],"ProductReview":[],"Car":[],"Recipe":[],"Service":[],"SoftwareApplication":[],"WebPage":[]},"graphName":"WebPage","isEnabled":true},"graphs":[]},"schema_type":"default","schema_type_options":null,"pillar_content":false,"robots_default":true,"robots_noindex":false,"robots_noarchive":false,"robots_nosnippet":false,"robots_nofollow":false,"robots_noimageindex":false,"robots_noodp":false,"robots_notranslate":false,"robots_max_snippet":"-1","robots_max_videopreview":"-1","robots_max_imagepreview":"large","priority":null,"frequency":"default","local_seo":null,"limit_modified_date":false,"created":"2022-12-31 15:35:47","updated":"2026-07-08 19:46:31","ai":null,"breadcrumb_settings":null,"seo_analyzer_scan_date":null,"focus_keyword":null,"additional_keywords":null,"truseo_locale":null},"aioseo_breadcrumb":"<div class=\"aioseo-breadcrumbs\"><span class=\"aioseo-breadcrumb\">\n\t\t\t<a href=\"https:\/\/ull.grafologia.cat\/ca\/\" title=\"Inicio\">Inicio<\/a>\n\t\t<\/span><span class=\"aioseo-breadcrumb-separator\">&raquo;<\/span><span class=\"aioseo-breadcrumb\">\n\t\t\tContacta amb mi\n\t\t<\/span><\/div>","aioseo_breadcrumb_json":[{"label":"Inicio","link":"https:\/\/ull.grafologia.cat\/ca\/"},{"label":"Contacta amb mi","link":"https:\/\/ull.grafologia.cat\/ca\/contacta-amb-mi\/"}],"_links":{"self":[{"href":"https:\/\/ull.grafologia.cat\/ca\/wp-json\/wp\/v2\/pages\/7764","targetHints":{"allow":["GET"]}}],"collection":[{"href":"https:\/\/ull.grafologia.cat\/ca\/wp-json\/wp\/v2\/pages"}],"about":[{"href":"https:\/\/ull.grafologia.cat\/ca\/wp-json\/wp\/v2\/types\/page"}],"author":[{"embeddable":true,"href":"https:\/\/ull.grafologia.cat\/ca\/wp-json\/wp\/v2\/users\/4"}],"replies":[{"embeddable":true,"href":"https:\/\/ull.grafologia.cat\/ca\/wp-json\/wp\/v2\/comments?post=7764"}],"version-history":[{"count":4,"href":"https:\/\/ull.grafologia.cat\/ca\/wp-json\/wp\/v2\/pages\/7764\/revisions"}],"predecessor-version":[{"id":8011,"href":"https:\/\/ull.grafologia.cat\/ca\/wp-json\/wp\/v2\/pages\/7764\/revisions\/8011"}],"wp:attachment":[{"href":"https:\/\/ull.grafologia.cat\/ca\/wp-json\/wp\/v2\/media?parent=7764"}],"curies":[{"name":"wp","href":"https:\/\/api.w.org\/{rel}","templated":true}]}}