{"id":7740,"date":"2019-05-13T19:06:39","date_gmt":"2019-05-13T19:06:39","guid":{"rendered":"http:\/\/grafologia.cat\/?page_id=7740"},"modified":"2023-01-02T16:40:38","modified_gmt":"2023-01-02T16:40:38","slug":"politica-de-privacitat","status":"publish","type":"page","link":"https:\/\/ull.grafologia.cat\/ca\/politica-de-privacitat\/","title":{"rendered":"Pol\u00edtica de privacitat"},"content":{"rendered":"[vc_row type=\u00bbin_container\u00bb full_screen_row_position=\u00bbmiddle\u00bb column_margin=\u00bbdefault\u00bb column_direction=\u00bbdefault\u00bb column_direction_tablet=\u00bbdefault\u00bb column_direction_phone=\u00bbdefault\u00bb scene_position=\u00bbcenter\u00bb text_color=\u00bbdark\u00bb text_align=\u00bbleft\u00bb row_border_radius=\u00bbnone\u00bb row_border_radius_applies=\u00bbbg\u00bb overflow=\u00bbvisible\u00bb overlay_strength=\u00bb0.3&#8243; gradient_direction=\u00bbleft_to_right\u00bb shape_divider_position=\u00bbbottom\u00bb bg_image_animation=\u00bbnone\u00bb][vc_column column_padding=\u00bbno-extra-padding\u00bb column_padding_tablet=\u00bbinherit\u00bb column_padding_phone=\u00bbinherit\u00bb column_padding_position=\u00bball\u00bb column_element_direction_desktop=\u00bbdefault\u00bb column_element_spacing=\u00bbdefault\u00bb desktop_text_alignment=\u00bbdefault\u00bb tablet_text_alignment=\u00bbdefault\u00bb phone_text_alignment=\u00bbdefault\u00bb background_color_opacity=\u00bb1&#8243; background_hover_color_opacity=\u00bb1&#8243; column_backdrop_filter=\u00bbnone\u00bb column_shadow=\u00bbnone\u00bb column_border_radius=\u00bbnone\u00bb column_link_target=\u00bb_self\u00bb column_position=\u00bbdefault\u00bb gradient_direction=\u00bbleft_to_right\u00bb overlay_strength=\u00bb0.3&#8243; width=\u00bb1\/1&#8243; tablet_width_inherit=\u00bbdefault\u00bb animation_type=\u00bbdefault\u00bb bg_image_animation=\u00bbnone\u00bb border_type=\u00bbsimple\u00bb column_border_width=\u00bbnone\u00bb column_border_style=\u00bbsolid\u00bb][vc_column_text]\n<h1><span style=\"color: #773b78;\">Pol\u00edtica de privacitat<\/span><\/h1>\n<p>&nbsp;<\/p>\n<h3><span style=\"color: #773b78;\">Informaci\u00f3 a l\u2019Usuari<\/span><\/h3>\n<p>Eva Mi\u00f1ana\u00a0Pascual informa als\u00a0usuaris del lloc web sobre la seva pol\u00edtica respecte del tractament i protecci\u00f3 de les dades de car\u00e0cter personal dels usuaris i clients que puguin ser recollides per la navegaci\u00f3 a trav\u00e9s del seu lloc web.<\/p>\n<p>Eva Mi\u00f1ana Pascual\u00a0\u00e9s el Responsable del tractament de les dades personals de l&#8217;Usuari, per la qual cosa se li facilita la seg\u00fcent informaci\u00f3 referent al tractament de les seves dades:<\/p>\n<p><strong>Finalitat del tractament de les seves dades: <\/strong>No es fan tractament de les seves dades ni s\u2019emmagatzemen per a usos futurs.<\/p>\n<p>Les dades introdu\u00efdes tenen la finalitat de tramitar qualsevol tipus de petici\u00f3 que sigui realitzada per l&#8217;usuari a trav\u00e9s de qualsevol de les formes de contacte que es posen a la seva disposici\u00f3.<\/p>\n<p><strong>Criteris de conservaci\u00f3 de les dades:<\/strong> No es conserva cap dada d\u2019usuari.<\/p>\n<p>&nbsp;<\/p>\n<p><strong><span style=\"color: #773b78;\">Informaci\u00f3 facilitada per l&#8217;usuari<\/span><\/strong><\/p>\n<p>Si\u00a0ets menor de 18 anys no est\u00e0\u00a0perm\u00e8s l&#8217;\u00fas de formularis al nostre web.<\/p>\n<p>Els Usuaris, introduint les vostres dades en els formularis de contacte o presentats en formularis de desc\u00e0rrega, accepten expressament i de forma lliure i inequ\u00edvoca, que les seves dades s\u00f3n necess\u00e0ries per atendre la seva petici\u00f3, per part del Responsable, sent volunt\u00e0ria la inclusi\u00f3 de dades en els camps restants.<\/p>\n<p>L&#8217;Usuari garanteix que les dades personals facilitades al prestador s\u00f3n veraces i es fa responsable de comunicar qualsevol modificaci\u00f3 d&#8217;aquestes.<\/p>\n<p>Totes les dades sol\u00b7licitades a trav\u00e9s del lloc web s\u00f3n necessaris per a la prestaci\u00f3 d&#8217;un servei \u00f2ptim a l&#8217;usuari. En cas que no siguin facilitades totes les dades, no es garanteix que la informaci\u00f3 i serveis que El Responsable li faciliti, siguin completament ajustats a les seves necessitats.<\/p>\n<p>&nbsp;<\/p>\n<p><strong><span style=\"color: #773b78;\">Mesures de seguretat<\/span><\/strong><\/p>\n<p>Que de conformitat amb el que disposen les normatives vigents en mat\u00e8ria de protecci\u00f3 de dades personals, El Responsable est\u00e0 complint amb totes les disposicions de les normatives RGPD i LOPD per al tractament de les dades personals de la seva responsabilitat, i manifestament amb els principis descrits en l&#8217;article 5 del RGPD i en l&#8217;article 4 de la LOPD, pels quals s\u00f3n tractats de manera l\u00edcita, lleial i transparent en relaci\u00f3 amb l&#8217;interessat i adequades, pertinents i limitats al que \u00e9s necessari en relaci\u00f3 amb els fins per als quals s\u00f3n tractats.<\/p>\n<p>El Responsable garanteix que ha implementat pol\u00edtiques t\u00e8cniques i organitzatives apropiades per aplicar les mesures de seguretat que estableixen el RGPD i la LOPD per tal de protegir els drets i llibertats dels Usuaris i els ha comunicat la informaci\u00f3 adequada perqu\u00e8 puguin exercir-los.<\/p>\n<p>&nbsp;<\/p>\n<h3><span style=\"color: #773b78;\">Escletxes de Seguretat<\/span><\/h3>\n<p>El Responsable informar\u00e0 sobre qualsevol escletxa de seguretat que afecti la base de dades que utilitza aquest lloc web, o que afecti a qualsevol dels nostres serveis de tercers, a totes i cadascuna de les persones, dades dels quals puguin haver estat afectades, i autoritats, dins de les 72 hores seg\u00fcents a la detecci\u00f3 de l\u2019escletxa.[\/vc_column_text][\/vc_column][\/vc_row]\n","protected":false},"excerpt":{"rendered":"<p>[vc_row type=\u00bbin_container\u00bb full_screen_row_position=\u00bbmiddle\u00bb column_margin=\u00bbdefault\u00bb column_direction=\u00bbdefault\u00bb column_direction_tablet=\u00bbdefault\u00bb column_direction_phone=\u00bbdefault\u00bb scene_position=\u00bbcenter\u00bb text_color=\u00bbdark\u00bb text_align=\u00bbleft\u00bb row_border_radius=\u00bbnone\u00bb row_border_radius_applies=\u00bbbg\u00bb overflow=\u00bbvisible\u00bb overlay_strength=\u00bb0.3&#8243; gradient_direction=\u00bbleft_to_right\u00bb shape_divider_position=\u00bbbottom\u00bb bg_image_animation=\u00bbnone\u00bb][vc_column column_padding=\u00bbno-extra-padding\u00bb column_padding_tablet=\u00bbinherit\u00bb column_padding_phone=\u00bbinherit\u00bb column_padding_position=\u00bball\u00bb column_element_direction_desktop=\u00bbdefault\u00bb column_element_spacing=\u00bbdefault\u00bb desktop_text_alignment=\u00bbdefault\u00bb tablet_text_alignment=\u00bbdefault\u00bb&#8230;<\/p>\n","protected":false},"author":4,"featured_media":0,"parent":0,"menu_order":0,"comment_status":"closed","ping_status":"closed","template":"","meta":{"footnotes":""},"class_list":["post-7740","page","type-page","status-publish"],"aioseo_notices":[],"aioseo_head":"\n\t\t<!-- All in One SEO 5.0.1.1 - aioseo.com -->\n\t<meta name=\"description\" content=\"Eva Mi\u00f1ana informa als usuaris del lloc web sobre la seva pol\u00edtica respecte del tractament i protecci\u00f3 de les dades de car\u00e0cter personal dels usuaris i clients\" \/>\n\t<meta name=\"robots\" content=\"noindex, nofollow, max-image-preview:large\" \/>\n\t<link rel=\"canonical\" href=\"https:\/\/ull.grafologia.cat\/ca\/politica-de-privacitat\/\" \/>\n\t<meta name=\"generator\" content=\"All in One SEO (AIOSEO) 5.0.1.1\" \/>\n\t\t<meta property=\"og:locale\" content=\"ca_ES\" \/>\n\t\t<meta property=\"og:site_name\" content=\"Eva Mi\u00f1ana - Grafolog\u00eda y Peritaje Caligr\u00e1fico - Web de Eva Mi\u00f1ana dedicada a la Grafolog\u00eda y al Peritaje Caligr\u00e1fico\" \/>\n\t\t<meta property=\"og:type\" content=\"article\" \/>\n\t\t<meta property=\"og:title\" content=\"Pol\u00edtica de privacitat, p\u00e1gina web de Eva Mi\u00f1ana Pascual\" \/>\n\t\t<meta property=\"og:description\" content=\"Eva Mi\u00f1ana informa als usuaris del lloc web sobre la seva pol\u00edtica respecte del tractament i protecci\u00f3 de les dades de car\u00e0cter personal dels usuaris i clients\" \/>\n\t\t<meta property=\"og:url\" content=\"https:\/\/ull.grafologia.cat\/ca\/politica-de-privacitat\/\" \/>\n\t\t<meta property=\"og:image\" content=\"https:\/\/ull.grafologia.cat\/wp-content\/uploads\/2021\/03\/Eva_web_2.jpg\" \/>\n\t\t<meta property=\"og:image:secure_url\" content=\"https:\/\/ull.grafologia.cat\/wp-content\/uploads\/2021\/03\/Eva_web_2.jpg\" \/>\n\t\t<meta property=\"og:image:width\" content=\"245\" \/>\n\t\t<meta property=\"og:image:height\" content=\"245\" \/>\n\t\t<meta property=\"article:published_time\" content=\"2019-05-13T19:06:39+00:00\" \/>\n\t\t<meta property=\"article:modified_time\" content=\"2023-01-02T16:40:38+00:00\" \/>\n\t\t<meta property=\"article:publisher\" content=\"https:\/\/www.facebook.com\/mundografologia\" \/>\n\t\t<meta name=\"twitter:card\" content=\"summary_large_image\" \/>\n\t\t<meta name=\"twitter:site\" content=\"@evagrafologia\" \/>\n\t\t<meta name=\"twitter:title\" content=\"Pol\u00edtica de privacitat, p\u00e1gina web de Eva Mi\u00f1ana Pascual\" \/>\n\t\t<meta name=\"twitter:description\" content=\"Eva Mi\u00f1ana informa als usuaris del lloc web sobre la seva pol\u00edtica respecte del tractament i protecci\u00f3 de les dades de car\u00e0cter personal dels usuaris i clients\" \/>\n\t\t<meta name=\"twitter:creator\" content=\"@evagrafologia\" \/>\n\t\t<meta name=\"twitter:image\" content=\"https:\/\/ull.grafologia.cat\/wp-content\/uploads\/2021\/03\/Eva_web_2.jpg\" \/>\n\t\t<script type=\"application\/ld+json\" class=\"aioseo-schema\">\n\t\t\t{\"@context\":\"https:\\\/\\\/schema.org\",\"@graph\":[{\"@type\":\"BreadcrumbList\",\"@id\":\"https:\\\/\\\/ull.grafologia.cat\\\/ca\\\/politica-de-privacitat\\\/#breadcrumblist\",\"itemListElement\":[{\"@type\":\"ListItem\",\"@id\":\"https:\\\/\\\/ull.grafologia.cat\\\/ca\\\/#listItem\",\"position\":1,\"name\":\"Inicio\",\"item\":\"https:\\\/\\\/ull.grafologia.cat\\\/ca\\\/\",\"nextItem\":{\"@type\":\"ListItem\",\"@id\":\"https:\\\/\\\/ull.grafologia.cat\\\/ca\\\/politica-de-privacitat\\\/#listItem\",\"name\":\"Pol\\u00edtica de privacitat\"}},{\"@type\":\"ListItem\",\"@id\":\"https:\\\/\\\/ull.grafologia.cat\\\/ca\\\/politica-de-privacitat\\\/#listItem\",\"position\":2,\"name\":\"Pol\\u00edtica de privacitat\",\"previousItem\":{\"@type\":\"ListItem\",\"@id\":\"https:\\\/\\\/ull.grafologia.cat\\\/ca\\\/#listItem\",\"name\":\"Inicio\"}}]},{\"@type\":\"Organization\",\"@id\":\"https:\\\/\\\/ull.grafologia.cat\\\/ca\\\/#organization\",\"name\":\"Eva Mi\\u00f1ana - Grafolog\\u00eda y Peritaje Caligr\\u00e1fico\",\"description\":\"Web de Eva Mi\\u00f1ana dedicada a la Grafolog\\u00eda y al Peritaje Caligr\\u00e1fico\",\"url\":\"https:\\\/\\\/ull.grafologia.cat\\\/ca\\\/\",\"telephone\":\"+34670294722\",\"logo\":{\"@type\":\"ImageObject\",\"url\":\"https:\\\/\\\/ull.grafologia.cat\\\/wp-content\\\/uploads\\\/2022\\\/12\\\/Logo-Gran.png\",\"@id\":\"https:\\\/\\\/ull.grafologia.cat\\\/ca\\\/politica-de-privacitat\\\/#organizationLogo\",\"width\":832,\"height\":736},\"image\":{\"@id\":\"https:\\\/\\\/ull.grafologia.cat\\\/ca\\\/politica-de-privacitat\\\/#organizationLogo\"},\"sameAs\":[\"https:\\\/\\\/www.facebook.com\\\/mundografologia\",\"https:\\\/\\\/twitter.com\\\/evagrafologia\",\"https:\\\/\\\/www.instagram.com\\\/mundografologia\\\/\",\"https:\\\/\\\/www.youtube.com\\\/mundografologia\",\"https:\\\/\\\/www.linkedin.com\\\/in\\\/eva-miana\\\/?originalSubdomain=es\"]},{\"@type\":\"WebPage\",\"@id\":\"https:\\\/\\\/ull.grafologia.cat\\\/ca\\\/politica-de-privacitat\\\/#webpage\",\"url\":\"https:\\\/\\\/ull.grafologia.cat\\\/ca\\\/politica-de-privacitat\\\/\",\"name\":\"Pol\\u00edtica de privacitat, p\\u00e1gina web de Eva Mi\\u00f1ana Pascual\",\"description\":\"Eva Mi\\u00f1ana informa als usuaris del lloc web sobre la seva pol\\u00edtica respecte del tractament i protecci\\u00f3 de les dades de car\\u00e0cter personal dels usuaris i clients\",\"inLanguage\":\"ca\",\"isPartOf\":{\"@id\":\"https:\\\/\\\/ull.grafologia.cat\\\/ca\\\/#website\"},\"breadcrumb\":{\"@id\":\"https:\\\/\\\/ull.grafologia.cat\\\/ca\\\/politica-de-privacitat\\\/#breadcrumblist\"},\"datePublished\":\"2019-05-13T19:06:39+00:00\",\"dateModified\":\"2023-01-02T16:40:38+00:00\"},{\"@type\":\"WebSite\",\"@id\":\"https:\\\/\\\/ull.grafologia.cat\\\/ca\\\/#website\",\"url\":\"https:\\\/\\\/ull.grafologia.cat\\\/ca\\\/\",\"name\":\"Eva Mi\\u00f1ana - Grafolog\\u00eda y Peritaje Caligr\\u00e1fico\",\"description\":\"Web de Eva Mi\\u00f1ana dedicada a la Grafolog\\u00eda y al Peritaje Caligr\\u00e1fico\",\"inLanguage\":\"ca\",\"publisher\":{\"@id\":\"https:\\\/\\\/ull.grafologia.cat\\\/ca\\\/#organization\"}}]}\n\t\t<\/script>\n\t\t<!-- All in One SEO -->\n\n","aioseo_head_json":{"title":"Pol\u00edtica de privacitat, p\u00e1gina web de Eva Mi\u00f1ana Pascual","description":"Eva Mi\u00f1ana informa als usuaris del lloc web sobre la seva pol\u00edtica respecte del tractament i protecci\u00f3 de les dades de car\u00e0cter personal dels usuaris i clients","canonical_url":"https:\/\/ull.grafologia.cat\/ca\/politica-de-privacitat\/","robots":"noindex, nofollow, max-image-preview:large","keywords":"","webmasterTools":{"miscellaneous":""},"schema":{"@context":"https:\/\/schema.org","@graph":[{"@type":"BreadcrumbList","@id":"https:\/\/ull.grafologia.cat\/ca\/politica-de-privacitat\/#breadcrumblist","itemListElement":[{"@type":"ListItem","@id":"https:\/\/ull.grafologia.cat\/ca\/#listItem","position":1,"name":"Inicio","item":"https:\/\/ull.grafologia.cat\/ca\/","nextItem":{"@type":"ListItem","@id":"https:\/\/ull.grafologia.cat\/ca\/politica-de-privacitat\/#listItem","name":"Pol\u00edtica de privacitat"}},{"@type":"ListItem","@id":"https:\/\/ull.grafologia.cat\/ca\/politica-de-privacitat\/#listItem","position":2,"name":"Pol\u00edtica de privacitat","previousItem":{"@type":"ListItem","@id":"https:\/\/ull.grafologia.cat\/ca\/#listItem","name":"Inicio"}}]},{"@type":"Organization","@id":"https:\/\/ull.grafologia.cat\/ca\/#organization","name":"Eva Mi\u00f1ana - Grafolog\u00eda y Peritaje Caligr\u00e1fico","description":"Web de Eva Mi\u00f1ana dedicada a la Grafolog\u00eda y al Peritaje Caligr\u00e1fico","url":"https:\/\/ull.grafologia.cat\/ca\/","telephone":"+34670294722","logo":{"@type":"ImageObject","url":"https:\/\/ull.grafologia.cat\/wp-content\/uploads\/2022\/12\/Logo-Gran.png","@id":"https:\/\/ull.grafologia.cat\/ca\/politica-de-privacitat\/#organizationLogo","width":832,"height":736},"image":{"@id":"https:\/\/ull.grafologia.cat\/ca\/politica-de-privacitat\/#organizationLogo"},"sameAs":["https:\/\/www.facebook.com\/mundografologia","https:\/\/twitter.com\/evagrafologia","https:\/\/www.instagram.com\/mundografologia\/","https:\/\/www.youtube.com\/mundografologia","https:\/\/www.linkedin.com\/in\/eva-miana\/?originalSubdomain=es"]},{"@type":"WebPage","@id":"https:\/\/ull.grafologia.cat\/ca\/politica-de-privacitat\/#webpage","url":"https:\/\/ull.grafologia.cat\/ca\/politica-de-privacitat\/","name":"Pol\u00edtica de privacitat, p\u00e1gina web de Eva Mi\u00f1ana Pascual","description":"Eva Mi\u00f1ana informa als usuaris del lloc web sobre la seva pol\u00edtica respecte del tractament i protecci\u00f3 de les dades de car\u00e0cter personal dels usuaris i clients","inLanguage":"ca","isPartOf":{"@id":"https:\/\/ull.grafologia.cat\/ca\/#website"},"breadcrumb":{"@id":"https:\/\/ull.grafologia.cat\/ca\/politica-de-privacitat\/#breadcrumblist"},"datePublished":"2019-05-13T19:06:39+00:00","dateModified":"2023-01-02T16:40:38+00:00"},{"@type":"WebSite","@id":"https:\/\/ull.grafologia.cat\/ca\/#website","url":"https:\/\/ull.grafologia.cat\/ca\/","name":"Eva Mi\u00f1ana - Grafolog\u00eda y Peritaje Caligr\u00e1fico","description":"Web de Eva Mi\u00f1ana dedicada a la Grafolog\u00eda y al Peritaje Caligr\u00e1fico","inLanguage":"ca","publisher":{"@id":"https:\/\/ull.grafologia.cat\/ca\/#organization"}}]},"og:locale":"ca_ES","og:site_name":"Eva Mi\u00f1ana - Grafolog\u00eda y Peritaje Caligr\u00e1fico - Web de Eva Mi\u00f1ana dedicada a la Grafolog\u00eda y al Peritaje Caligr\u00e1fico","og:type":"article","og:title":"Pol\u00edtica de privacitat, p\u00e1gina web de Eva Mi\u00f1ana Pascual","og:description":"Eva Mi\u00f1ana informa als usuaris del lloc web sobre la seva pol\u00edtica respecte del tractament i protecci\u00f3 de les dades de car\u00e0cter personal dels usuaris i clients","og:url":"https:\/\/ull.grafologia.cat\/ca\/politica-de-privacitat\/","og:image":"https:\/\/ull.grafologia.cat\/wp-content\/uploads\/2021\/03\/Eva_web_2.jpg","og:image:secure_url":"https:\/\/ull.grafologia.cat\/wp-content\/uploads\/2021\/03\/Eva_web_2.jpg","og:image:width":245,"og:image:height":245,"article:published_time":"2019-05-13T19:06:39+00:00","article:modified_time":"2023-01-02T16:40:38+00:00","article:publisher":"https:\/\/www.facebook.com\/mundografologia","twitter:card":"summary_large_image","twitter:site":"@evagrafologia","twitter:title":"Pol\u00edtica de privacitat, p\u00e1gina web de Eva Mi\u00f1ana Pascual","twitter:description":"Eva Mi\u00f1ana informa als usuaris del lloc web sobre la seva pol\u00edtica respecte del tractament i protecci\u00f3 de les dades de car\u00e0cter personal dels usuaris i clients","twitter:creator":"@evagrafologia","twitter:image":"https:\/\/ull.grafologia.cat\/wp-content\/uploads\/2021\/03\/Eva_web_2.jpg"},"aioseo_meta_data":{"post_id":"7740","title":"Pol\u00edtica de privacitat, p\u00e1gina web de Eva Mi\u00f1ana Pascual","description":"Eva Mi\u00f1ana informa als usuaris del lloc web sobre la seva pol\u00edtica respecte del tractament i protecci\u00f3 de les dades de car\u00e0cter personal dels usuaris i clients","keywords":[],"keyphrases":{"focus":{"keyphrase":"","score":0,"analysis":{"keyphraseInTitle":{"score":0,"maxScore":9,"error":1}}},"additional":[]},"primary_term":null,"canonical_url":null,"og_title":null,"og_description":null,"og_object_type":"default","og_image_type":"default","og_image_url":null,"og_image_width":null,"og_image_height":null,"og_image_custom_url":null,"og_image_custom_fields":null,"og_video":"","og_custom_url":null,"og_article_section":null,"og_article_tags":[],"twitter_use_og":false,"twitter_card":"default","twitter_image_type":"default","twitter_image_url":null,"twitter_image_custom_url":null,"twitter_image_custom_fields":null,"twitter_title":null,"twitter_description":null,"schema":{"blockGraphs":[],"customGraphs":[],"default":{"data":{"Article":[],"Course":[],"Dataset":[],"FAQPage":[],"Movie":[],"Person":[],"Product":[],"ProductReview":[],"Car":[],"Recipe":[],"Service":[],"SoftwareApplication":[],"WebPage":[]},"graphName":"WebPage","isEnabled":true},"graphs":[]},"schema_type":"default","schema_type_options":null,"pillar_content":false,"robots_default":true,"robots_noindex":false,"robots_noarchive":false,"robots_nosnippet":false,"robots_nofollow":false,"robots_noimageindex":false,"robots_noodp":false,"robots_notranslate":false,"robots_max_snippet":"-1","robots_max_videopreview":"-1","robots_max_imagepreview":"large","priority":null,"frequency":"default","local_seo":null,"limit_modified_date":false,"created":"2022-12-31 15:39:50","updated":"2026-07-08 19:57:27","ai":null,"breadcrumb_settings":null,"seo_analyzer_scan_date":null,"focus_keyword":null,"additional_keywords":null,"truseo_locale":null},"aioseo_breadcrumb":"<div class=\"aioseo-breadcrumbs\"><span class=\"aioseo-breadcrumb\">\n\t\t\t<a href=\"https:\/\/ull.grafologia.cat\/ca\/\" title=\"Inicio\">Inicio<\/a>\n\t\t<\/span><span class=\"aioseo-breadcrumb-separator\">&raquo;<\/span><span class=\"aioseo-breadcrumb\">\n\t\t\tPol\u00edtica de privacitat\n\t\t<\/span><\/div>","aioseo_breadcrumb_json":[{"label":"Inicio","link":"https:\/\/ull.grafologia.cat\/ca\/"},{"label":"Pol\u00edtica de privacitat","link":"https:\/\/ull.grafologia.cat\/ca\/politica-de-privacitat\/"}],"_links":{"self":[{"href":"https:\/\/ull.grafologia.cat\/ca\/wp-json\/wp\/v2\/pages\/7740","targetHints":{"allow":["GET"]}}],"collection":[{"href":"https:\/\/ull.grafologia.cat\/ca\/wp-json\/wp\/v2\/pages"}],"about":[{"href":"https:\/\/ull.grafologia.cat\/ca\/wp-json\/wp\/v2\/types\/page"}],"author":[{"embeddable":true,"href":"https:\/\/ull.grafologia.cat\/ca\/wp-json\/wp\/v2\/users\/4"}],"replies":[{"embeddable":true,"href":"https:\/\/ull.grafologia.cat\/ca\/wp-json\/wp\/v2\/comments?post=7740"}],"version-history":[{"count":3,"href":"https:\/\/ull.grafologia.cat\/ca\/wp-json\/wp\/v2\/pages\/7740\/revisions"}],"predecessor-version":[{"id":8009,"href":"https:\/\/ull.grafologia.cat\/ca\/wp-json\/wp\/v2\/pages\/7740\/revisions\/8009"}],"wp:attachment":[{"href":"https:\/\/ull.grafologia.cat\/ca\/wp-json\/wp\/v2\/media?parent=7740"}],"curies":[{"name":"wp","href":"https:\/\/api.w.org\/{rel}","templated":true}]}}