{"id":7729,"date":"2012-09-29T18:20:49","date_gmt":"2012-09-29T18:20:49","guid":{"rendered":"http:\/\/grafologia.cat\/?page_id=7729"},"modified":"2023-01-01T12:13:56","modified_gmt":"2023-01-01T12:13:56","slug":"orientacio-destudis-i-professional","status":"publish","type":"page","link":"https:\/\/ull.grafologia.cat\/ca\/orientacio-destudis-i-professional\/","title":{"rendered":"Orientaci\u00f3 d&#8217;estudis i professional"},"content":{"rendered":"[vc_row type=\u00bbin_container\u00bb full_screen_row_position=\u00bbmiddle\u00bb column_margin=\u00bbdefault\u00bb column_direction=\u00bbdefault\u00bb column_direction_tablet=\u00bbdefault\u00bb column_direction_phone=\u00bbdefault\u00bb scene_position=\u00bbcenter\u00bb text_color=\u00bbdark\u00bb text_align=\u00bbleft\u00bb row_border_radius=\u00bbnone\u00bb row_border_radius_applies=\u00bbbg\u00bb overflow=\u00bbvisible\u00bb overlay_strength=\u00bb0.3&#8243; gradient_direction=\u00bbleft_to_right\u00bb shape_divider_position=\u00bbbottom\u00bb bg_image_animation=\u00bbnone\u00bb][vc_column column_padding=\u00bbno-extra-padding\u00bb column_padding_tablet=\u00bbinherit\u00bb column_padding_phone=\u00bbinherit\u00bb column_padding_position=\u00bball\u00bb column_element_direction_desktop=\u00bbdefault\u00bb column_element_spacing=\u00bbdefault\u00bb desktop_text_alignment=\u00bbdefault\u00bb tablet_text_alignment=\u00bbdefault\u00bb phone_text_alignment=\u00bbdefault\u00bb background_color_opacity=\u00bb1&#8243; background_hover_color_opacity=\u00bb1&#8243; column_backdrop_filter=\u00bbnone\u00bb column_shadow=\u00bbnone\u00bb column_border_radius=\u00bbnone\u00bb column_link_target=\u00bb_self\u00bb column_position=\u00bbdefault\u00bb gradient_direction=\u00bbleft_to_right\u00bb overlay_strength=\u00bb0.3&#8243; width=\u00bb1\/1&#8243; tablet_width_inherit=\u00bbdefault\u00bb animation_type=\u00bbdefault\u00bb bg_image_animation=\u00bbnone\u00bb border_type=\u00bbsimple\u00bb column_border_width=\u00bbnone\u00bb column_border_style=\u00bbsolid\u00bb][divider line_type=\u00bbNo Line\u00bb custom_height=\u00bb70&#8243;][vc_column_text]\n<h3 style=\"color: #773b78; text-align: left;\">Orientaci\u00f3 d&#8217;estudis i\u00a0professional<\/h3>\n[\/vc_column_text][divider line_type=\u00bbFull Width Line\u00bb line_thickness=\u00bb1&#8243; divider_color=\u00bbaccent-color\u00bb custom_height=\u00bb10&#8243;][divider line_type=\u00bbNo Line\u00bb custom_height=\u00bb20&#8243;][\/vc_column][\/vc_row][vc_row type=\u00bbin_container\u00bb full_screen_row_position=\u00bbmiddle\u00bb column_margin=\u00bbdefault\u00bb column_direction=\u00bbdefault\u00bb column_direction_tablet=\u00bbdefault\u00bb column_direction_phone=\u00bbdefault\u00bb scene_position=\u00bbcenter\u00bb text_color=\u00bbdark\u00bb text_align=\u00bbleft\u00bb row_border_radius=\u00bbnone\u00bb row_border_radius_applies=\u00bbbg\u00bb overflow=\u00bbvisible\u00bb overlay_strength=\u00bb0.3&#8243; gradient_direction=\u00bbleft_to_right\u00bb shape_divider_position=\u00bbbottom\u00bb bg_image_animation=\u00bbnone\u00bb][vc_column column_padding=\u00bbno-extra-padding\u00bb column_padding_tablet=\u00bbinherit\u00bb column_padding_phone=\u00bbinherit\u00bb column_padding_position=\u00bball\u00bb column_element_direction_desktop=\u00bbdefault\u00bb column_element_spacing=\u00bbdefault\u00bb desktop_text_alignment=\u00bbdefault\u00bb tablet_text_alignment=\u00bbdefault\u00bb phone_text_alignment=\u00bbdefault\u00bb background_color_opacity=\u00bb1&#8243; background_hover_color_opacity=\u00bb1&#8243; column_backdrop_filter=\u00bbnone\u00bb column_shadow=\u00bbnone\u00bb column_border_radius=\u00bbnone\u00bb column_link_target=\u00bb_self\u00bb column_position=\u00bbdefault\u00bb gradient_direction=\u00bbleft_to_right\u00bb overlay_strength=\u00bb0.3&#8243; width=\u00bb1\/6&#8243; tablet_width_inherit=\u00bbdefault\u00bb animation_type=\u00bbdefault\u00bb bg_image_animation=\u00bbnone\u00bb border_type=\u00bbsimple\u00bb column_border_width=\u00bbnone\u00bb column_border_style=\u00bbsolid\u00bb][\/vc_column][vc_column column_padding=\u00bbno-extra-padding\u00bb column_padding_tablet=\u00bbinherit\u00bb column_padding_phone=\u00bbinherit\u00bb column_padding_position=\u00bbright\u00bb column_element_direction_desktop=\u00bbdefault\u00bb column_element_spacing=\u00bbdefault\u00bb desktop_text_alignment=\u00bbdefault\u00bb tablet_text_alignment=\u00bbdefault\u00bb phone_text_alignment=\u00bbdefault\u00bb background_color_opacity=\u00bb1&#8243; background_hover_color_opacity=\u00bb1&#8243; column_backdrop_filter=\u00bbnone\u00bb column_shadow=\u00bbnone\u00bb column_border_radius=\u00bbnone\u00bb column_link_target=\u00bb_self\u00bb column_position=\u00bbdefault\u00bb gradient_direction=\u00bbleft_to_right\u00bb overlay_strength=\u00bb0.3&#8243; width=\u00bb2\/3&#8243; tablet_width_inherit=\u00bbdefault\u00bb animation_type=\u00bbdefault\u00bb bg_image_animation=\u00bbnone\u00bb border_type=\u00bbsimple\u00bb column_border_width=\u00bbnone\u00bb column_border_style=\u00bbsolid\u00bb][vc_column_text]<span data-contrast=\"none\">La informaci\u00f3 que obtenim gr\u00e0cies a la <\/span><b><span data-contrast=\"none\">grafologia<\/span><\/b><span data-contrast=\"none\"> en relaci\u00f3 a les <\/span><b><span data-contrast=\"none\">motivacions<\/span><\/b><span data-contrast=\"none\">, els <\/span><b><span data-contrast=\"none\">potencials<\/span><\/b><span data-contrast=\"none\"> i la manera d\u2019encarar els projectes<\/span><span data-contrast=\"none\"> de cada<\/span><span data-contrast=\"none\">, en<\/span><span data-contrast=\"none\">s<\/span><span data-contrast=\"none\"> permet <\/span><span data-contrast=\"none\">de realitzar orientacions en aquells moments en que \u00e9s necessari prendre decisions que no estan resultant c\u00f2modes o f\u00e0cils.<\/span><span data-ccp-props=\"{&quot;134233117&quot;:true,&quot;134233118&quot;:true,&quot;201341983&quot;:0,&quot;335551550&quot;:6,&quot;335551620&quot;:6,&quot;335559739&quot;:200,&quot;335559740&quot;:240}\">\u00a0<\/span><\/p>\n<p><span data-contrast=\"none\">En concret, en l\u2019<\/span><b><span data-contrast=\"none\">orientaci\u00f3 d\u2019estudis<\/span><\/b><span data-contrast=\"none\"> s\u2019assessora <\/span><span data-contrast=\"none\">a l\u2019estudiant <\/span><span data-contrast=\"none\">per poder triar <\/span><span data-contrast=\"none\">dins del<\/span><span data-contrast=\"none\"> ventall de possibilitats actuals d\u2019<\/span><span data-contrast=\"none\">opcions formatives<\/span><span data-contrast=\"none\">, <\/span><span data-contrast=\"none\">en funci\u00f3 a en quina <\/span><span data-contrast=\"none\">encaixa millor<\/span><span data-contrast=\"none\"> per<\/span><span data-contrast=\"none\"> la<\/span><span data-contrast=\"none\"> seva<\/span><span data-contrast=\"none\"> manera de ser\u00a0<\/span><span data-contrast=\"none\"> i de treballar<\/span><span data-contrast=\"none\">.<\/span><span data-contrast=\"none\">\u00a0<\/span><span data-ccp-props=\"{&quot;134233117&quot;:true,&quot;134233118&quot;:true,&quot;201341983&quot;:0,&quot;335551550&quot;:6,&quot;335551620&quot;:6,&quot;335559739&quot;:200,&quot;335559740&quot;:240}\">\u00a0<\/span><\/p>\n<p><span data-contrast=\"none\">Per altra banda,<\/span><span data-contrast=\"none\"> en un moment en que el mercat laboral \u00e9s m\u00e9s fluctuant que mai, <\/span><span data-contrast=\"none\">moltes persones es plantegen aprofitar aquesta conjuntura per a plantejar-se noves opcions professionals i mitjan\u00e7ant la grafologia<\/span><span data-contrast=\"none\"> aplicada a l\u2019<\/span><b><span data-contrast=\"none\">orientaci\u00f3 <\/span><\/b><b><span data-contrast=\"none\">professional<\/span><\/b><span data-contrast=\"none\">, troben la informaci\u00f3 objectiva que els hi cal <\/span><span data-contrast=\"none\">per<\/span><span data-contrast=\"none\"> poder prendre decisions<\/span><span data-contrast=\"none\"> i focalitzar els seus esfor\u00e7os<\/span><span data-contrast=\"none\">.\u00a0<\/span><span data-ccp-props=\"{&quot;134233117&quot;:true,&quot;134233118&quot;:true,&quot;201341983&quot;:0,&quot;335551550&quot;:6,&quot;335551620&quot;:6,&quot;335559739&quot;:200,&quot;335559740&quot;:240}\">\u00a0<\/span>[\/vc_column_text][divider line_type=\u00bbNo Line\u00bb custom_height=\u00bb20&#8243;][vc_row_inner column_margin=\u00bbdefault\u00bb column_direction=\u00bbdefault\u00bb column_direction_tablet=\u00bbdefault\u00bb column_direction_phone=\u00bbdefault\u00bb text_align=\u00bbleft\u00bb row_position=\u00bbdefault\u00bb row_position_tablet=\u00bbinherit\u00bb row_position_phone=\u00bbinherit\u00bb overflow=\u00bbvisible\u00bb pointer_events=\u00bball\u00bb][vc_column_inner column_padding=\u00bbno-extra-padding\u00bb column_padding_tablet=\u00bbinherit\u00bb column_padding_phone=\u00bbinherit\u00bb column_padding_position=\u00bball\u00bb column_element_direction_desktop=\u00bbdefault\u00bb column_element_spacing=\u00bbdefault\u00bb desktop_text_alignment=\u00bbcenter\u00bb tablet_text_alignment=\u00bbdefault\u00bb phone_text_alignment=\u00bbdefault\u00bb background_color_opacity=\u00bb1&#8243; background_hover_color_opacity=\u00bb1&#8243; column_backdrop_filter=\u00bbnone\u00bb column_shadow=\u00bbnone\u00bb column_border_radius=\u00bbnone\u00bb column_link_target=\u00bb_self\u00bb overflow=\u00bbvisible\u00bb gradient_direction=\u00bbleft_to_right\u00bb overlay_strength=\u00bb0.3&#8243; width=\u00bb1\/1&#8243; tablet_width_inherit=\u00bbdefault\u00bb animation_type=\u00bbdefault\u00bb bg_image_animation=\u00bbnone\u00bb border_type=\u00bbsimple\u00bb column_border_width=\u00bbnone\u00bb column_border_style=\u00bbsolid\u00bb column_padding_type=\u00bbdefault\u00bb gradient_type=\u00bbdefault\u00bb][divider line_type=\u00bbNo Line\u00bb custom_height=\u00bb50&#8243;][vc_custom_heading text=\u00bbCom et puc ajudar?\u00bb font_container=\u00bbtag:h4|font_size:30|text_align:center\u00bb google_fonts=\u00bbfont_family:Nunito%3A300%2Cregular%2C700|font_style:400%20regular%3A400%3Anormal\u00bb link=\u00bburl:mailto%3Aeva%40grafologia.cat|||\u00bb][nectar_btn size=\u00bblarge\u00bb open_new_tab=\u00bbtrue\u00bb button_style=\u00bbregular\u00bb button_color_2=\u00bbAccent-Color\u00bb color_override=\u00bb#773b78&#8243; icon_family=\u00bbnone\u00bb el_class=\u00bbBoto_Call_To_Action_Serveis\u00bb url=\u00bbhttps:\/\/ull.grafologia.cat\/ca\/contacto\/\u00bb text=\u00bbContacta&#8217;m\u00bb margin_top=\u00bb30&#8243; margin_bottom=\u00bb1&#8243;][divider line_type=\u00bbNo Line\u00bb custom_height=\u00bb5&#8243;][\/vc_column_inner][\/vc_row_inner][\/vc_column][vc_column column_padding=\u00bbno-extra-padding\u00bb column_padding_tablet=\u00bbinherit\u00bb column_padding_phone=\u00bbinherit\u00bb column_padding_position=\u00bball\u00bb column_element_direction_desktop=\u00bbdefault\u00bb column_element_spacing=\u00bbdefault\u00bb desktop_text_alignment=\u00bbdefault\u00bb tablet_text_alignment=\u00bbdefault\u00bb phone_text_alignment=\u00bbdefault\u00bb background_color_opacity=\u00bb1&#8243; background_hover_color_opacity=\u00bb1&#8243; column_backdrop_filter=\u00bbnone\u00bb column_shadow=\u00bbnone\u00bb column_border_radius=\u00bbnone\u00bb column_link_target=\u00bb_self\u00bb column_position=\u00bbdefault\u00bb gradient_direction=\u00bbleft_to_right\u00bb overlay_strength=\u00bb0.3&#8243; width=\u00bb1\/6&#8243; tablet_width_inherit=\u00bbdefault\u00bb animation_type=\u00bbdefault\u00bb bg_image_animation=\u00bbnone\u00bb border_type=\u00bbsimple\u00bb column_border_width=\u00bbnone\u00bb column_border_style=\u00bbsolid\u00bb][\/vc_column][\/vc_row]\n","protected":false},"excerpt":{"rendered":"<p>[vc_row type=\u00bbin_container\u00bb full_screen_row_position=\u00bbmiddle\u00bb column_margin=\u00bbdefault\u00bb column_direction=\u00bbdefault\u00bb column_direction_tablet=\u00bbdefault\u00bb column_direction_phone=\u00bbdefault\u00bb scene_position=\u00bbcenter\u00bb text_color=\u00bbdark\u00bb text_align=\u00bbleft\u00bb row_border_radius=\u00bbnone\u00bb row_border_radius_applies=\u00bbbg\u00bb overflow=\u00bbvisible\u00bb overlay_strength=\u00bb0.3&#8243; gradient_direction=\u00bbleft_to_right\u00bb shape_divider_position=\u00bbbottom\u00bb bg_image_animation=\u00bbnone\u00bb][vc_column column_padding=\u00bbno-extra-padding\u00bb column_padding_tablet=\u00bbinherit\u00bb column_padding_phone=\u00bbinherit\u00bb column_padding_position=\u00bball\u00bb column_element_direction_desktop=\u00bbdefault\u00bb column_element_spacing=\u00bbdefault\u00bb desktop_text_alignment=\u00bbdefault\u00bb tablet_text_alignment=\u00bbdefault\u00bb&#8230;<\/p>\n","protected":false},"author":4,"featured_media":0,"parent":0,"menu_order":0,"comment_status":"closed","ping_status":"closed","template":"page-sidebar.php","meta":{"footnotes":""},"class_list":["post-7729","page","type-page","status-publish"],"aioseo_notices":[],"aioseo_head":"\n\t\t<!-- All in One SEO 5.0.1.1 - aioseo.com -->\n\t<meta name=\"description\" content=\"A l&#039;orientaci\u00f3 d&#039;estudis s&#039;assessora l&#039;estudiant per poder escollir entre les opcions formatives, on encaixa millor per la manera de ser i de treballar.\" \/>\n\t<meta name=\"robots\" content=\"noindex, nofollow, max-image-preview:large\" \/>\n\t<link rel=\"canonical\" href=\"https:\/\/ull.grafologia.cat\/ca\/orientacio-destudis-i-professional\/\" \/>\n\t<meta name=\"generator\" content=\"All in One SEO (AIOSEO) 5.0.1.1\" \/>\n\t\t<meta property=\"og:locale\" content=\"ca_ES\" \/>\n\t\t<meta property=\"og:site_name\" content=\"Eva Mi\u00f1ana - Grafolog\u00eda y Peritaje Caligr\u00e1fico - Web de Eva Mi\u00f1ana dedicada a la Grafolog\u00eda y al Peritaje Caligr\u00e1fico\" \/>\n\t\t<meta property=\"og:type\" content=\"article\" \/>\n\t\t<meta property=\"og:title\" content=\"Orientaci\u00f3 d&#039;estudis i professional - Eva Mi\u00f1ana\" \/>\n\t\t<meta property=\"og:description\" content=\"A l&#039;orientaci\u00f3 d&#039;estudis s&#039;assessora l&#039;estudiant per poder escollir entre les opcions formatives, on encaixa millor per la manera de ser i de treballar.\" \/>\n\t\t<meta property=\"og:url\" content=\"https:\/\/ull.grafologia.cat\/ca\/orientacio-destudis-i-professional\/\" \/>\n\t\t<meta property=\"og:image\" content=\"https:\/\/ull.grafologia.cat\/wp-content\/uploads\/2021\/03\/Eva_web_2.jpg\" \/>\n\t\t<meta property=\"og:image:secure_url\" content=\"https:\/\/ull.grafologia.cat\/wp-content\/uploads\/2021\/03\/Eva_web_2.jpg\" \/>\n\t\t<meta property=\"og:image:width\" content=\"245\" \/>\n\t\t<meta property=\"og:image:height\" content=\"245\" \/>\n\t\t<meta property=\"article:published_time\" content=\"2012-09-29T18:20:49+00:00\" \/>\n\t\t<meta property=\"article:modified_time\" content=\"2023-01-01T12:13:56+00:00\" \/>\n\t\t<meta property=\"article:publisher\" content=\"https:\/\/www.facebook.com\/mundografologia\" \/>\n\t\t<meta name=\"twitter:card\" content=\"summary_large_image\" \/>\n\t\t<meta name=\"twitter:site\" content=\"@evagrafologia\" \/>\n\t\t<meta name=\"twitter:title\" content=\"Orientaci\u00f3 d&#039;estudis i professional - Eva Mi\u00f1ana\" \/>\n\t\t<meta name=\"twitter:description\" content=\"A l&#039;orientaci\u00f3 d&#039;estudis s&#039;assessora l&#039;estudiant per poder escollir entre les opcions formatives, on encaixa millor per la manera de ser i de treballar.\" \/>\n\t\t<meta name=\"twitter:creator\" content=\"@evagrafologia\" \/>\n\t\t<meta name=\"twitter:image\" content=\"https:\/\/ull.grafologia.cat\/wp-content\/uploads\/2021\/03\/Eva_web_2.jpg\" \/>\n\t\t<script type=\"application\/ld+json\" class=\"aioseo-schema\">\n\t\t\t{\"@context\":\"https:\\\/\\\/schema.org\",\"@graph\":[{\"@type\":\"BreadcrumbList\",\"@id\":\"https:\\\/\\\/ull.grafologia.cat\\\/ca\\\/orientacio-destudis-i-professional\\\/#breadcrumblist\",\"itemListElement\":[{\"@type\":\"ListItem\",\"@id\":\"https:\\\/\\\/ull.grafologia.cat\\\/ca\\\/#listItem\",\"position\":1,\"name\":\"Inicio\",\"item\":\"https:\\\/\\\/ull.grafologia.cat\\\/ca\\\/\",\"nextItem\":{\"@type\":\"ListItem\",\"@id\":\"https:\\\/\\\/ull.grafologia.cat\\\/ca\\\/orientacio-destudis-i-professional\\\/#listItem\",\"name\":\"Orientaci\\u00f3 d&#8217;estudis i professional\"}},{\"@type\":\"ListItem\",\"@id\":\"https:\\\/\\\/ull.grafologia.cat\\\/ca\\\/orientacio-destudis-i-professional\\\/#listItem\",\"position\":2,\"name\":\"Orientaci\\u00f3 d&#8217;estudis i professional\",\"previousItem\":{\"@type\":\"ListItem\",\"@id\":\"https:\\\/\\\/ull.grafologia.cat\\\/ca\\\/#listItem\",\"name\":\"Inicio\"}}]},{\"@type\":\"Organization\",\"@id\":\"https:\\\/\\\/ull.grafologia.cat\\\/ca\\\/#organization\",\"name\":\"Eva Mi\\u00f1ana - Grafolog\\u00eda y Peritaje Caligr\\u00e1fico\",\"description\":\"Web de Eva Mi\\u00f1ana dedicada a la Grafolog\\u00eda y al Peritaje Caligr\\u00e1fico\",\"url\":\"https:\\\/\\\/ull.grafologia.cat\\\/ca\\\/\",\"telephone\":\"+34670294722\",\"logo\":{\"@type\":\"ImageObject\",\"url\":\"https:\\\/\\\/ull.grafologia.cat\\\/wp-content\\\/uploads\\\/2022\\\/12\\\/Logo-Gran.png\",\"@id\":\"https:\\\/\\\/ull.grafologia.cat\\\/ca\\\/orientacio-destudis-i-professional\\\/#organizationLogo\",\"width\":832,\"height\":736},\"image\":{\"@id\":\"https:\\\/\\\/ull.grafologia.cat\\\/ca\\\/orientacio-destudis-i-professional\\\/#organizationLogo\"},\"sameAs\":[\"https:\\\/\\\/www.facebook.com\\\/mundografologia\",\"https:\\\/\\\/twitter.com\\\/evagrafologia\",\"https:\\\/\\\/www.instagram.com\\\/mundografologia\\\/\",\"https:\\\/\\\/www.youtube.com\\\/mundografologia\",\"https:\\\/\\\/www.linkedin.com\\\/in\\\/eva-miana\\\/?originalSubdomain=es\"]},{\"@type\":\"WebPage\",\"@id\":\"https:\\\/\\\/ull.grafologia.cat\\\/ca\\\/orientacio-destudis-i-professional\\\/#webpage\",\"url\":\"https:\\\/\\\/ull.grafologia.cat\\\/ca\\\/orientacio-destudis-i-professional\\\/\",\"name\":\"Orientaci\\u00f3 d'estudis i professional - Eva Mi\\u00f1ana\",\"description\":\"A l'orientaci\\u00f3 d'estudis s'assessora l'estudiant per poder escollir entre les opcions formatives, on encaixa millor per la manera de ser i de treballar.\",\"inLanguage\":\"ca\",\"isPartOf\":{\"@id\":\"https:\\\/\\\/ull.grafologia.cat\\\/ca\\\/#website\"},\"breadcrumb\":{\"@id\":\"https:\\\/\\\/ull.grafologia.cat\\\/ca\\\/orientacio-destudis-i-professional\\\/#breadcrumblist\"},\"datePublished\":\"2012-09-29T18:20:49+00:00\",\"dateModified\":\"2023-01-01T12:13:56+00:00\"},{\"@type\":\"WebSite\",\"@id\":\"https:\\\/\\\/ull.grafologia.cat\\\/ca\\\/#website\",\"url\":\"https:\\\/\\\/ull.grafologia.cat\\\/ca\\\/\",\"name\":\"Eva Mi\\u00f1ana - Grafolog\\u00eda y Peritaje Caligr\\u00e1fico\",\"description\":\"Web de Eva Mi\\u00f1ana dedicada a la Grafolog\\u00eda y al Peritaje Caligr\\u00e1fico\",\"inLanguage\":\"ca\",\"publisher\":{\"@id\":\"https:\\\/\\\/ull.grafologia.cat\\\/ca\\\/#organization\"}}]}\n\t\t<\/script>\n\t\t<!-- All in One SEO -->\n\n","aioseo_head_json":{"title":"Orientaci\u00f3 d'estudis i professional - Eva Mi\u00f1ana","description":"A l'orientaci\u00f3 d'estudis s'assessora l'estudiant per poder escollir entre les opcions formatives, on encaixa millor per la manera de ser i de treballar.","canonical_url":"https:\/\/ull.grafologia.cat\/ca\/orientacio-destudis-i-professional\/","robots":"noindex, nofollow, max-image-preview:large","keywords":"","webmasterTools":{"miscellaneous":""},"schema":{"@context":"https:\/\/schema.org","@graph":[{"@type":"BreadcrumbList","@id":"https:\/\/ull.grafologia.cat\/ca\/orientacio-destudis-i-professional\/#breadcrumblist","itemListElement":[{"@type":"ListItem","@id":"https:\/\/ull.grafologia.cat\/ca\/#listItem","position":1,"name":"Inicio","item":"https:\/\/ull.grafologia.cat\/ca\/","nextItem":{"@type":"ListItem","@id":"https:\/\/ull.grafologia.cat\/ca\/orientacio-destudis-i-professional\/#listItem","name":"Orientaci\u00f3 d&#8217;estudis i professional"}},{"@type":"ListItem","@id":"https:\/\/ull.grafologia.cat\/ca\/orientacio-destudis-i-professional\/#listItem","position":2,"name":"Orientaci\u00f3 d&#8217;estudis i professional","previousItem":{"@type":"ListItem","@id":"https:\/\/ull.grafologia.cat\/ca\/#listItem","name":"Inicio"}}]},{"@type":"Organization","@id":"https:\/\/ull.grafologia.cat\/ca\/#organization","name":"Eva Mi\u00f1ana - Grafolog\u00eda y Peritaje Caligr\u00e1fico","description":"Web de Eva Mi\u00f1ana dedicada a la Grafolog\u00eda y al Peritaje Caligr\u00e1fico","url":"https:\/\/ull.grafologia.cat\/ca\/","telephone":"+34670294722","logo":{"@type":"ImageObject","url":"https:\/\/ull.grafologia.cat\/wp-content\/uploads\/2022\/12\/Logo-Gran.png","@id":"https:\/\/ull.grafologia.cat\/ca\/orientacio-destudis-i-professional\/#organizationLogo","width":832,"height":736},"image":{"@id":"https:\/\/ull.grafologia.cat\/ca\/orientacio-destudis-i-professional\/#organizationLogo"},"sameAs":["https:\/\/www.facebook.com\/mundografologia","https:\/\/twitter.com\/evagrafologia","https:\/\/www.instagram.com\/mundografologia\/","https:\/\/www.youtube.com\/mundografologia","https:\/\/www.linkedin.com\/in\/eva-miana\/?originalSubdomain=es"]},{"@type":"WebPage","@id":"https:\/\/ull.grafologia.cat\/ca\/orientacio-destudis-i-professional\/#webpage","url":"https:\/\/ull.grafologia.cat\/ca\/orientacio-destudis-i-professional\/","name":"Orientaci\u00f3 d'estudis i professional - Eva Mi\u00f1ana","description":"A l'orientaci\u00f3 d'estudis s'assessora l'estudiant per poder escollir entre les opcions formatives, on encaixa millor per la manera de ser i de treballar.","inLanguage":"ca","isPartOf":{"@id":"https:\/\/ull.grafologia.cat\/ca\/#website"},"breadcrumb":{"@id":"https:\/\/ull.grafologia.cat\/ca\/orientacio-destudis-i-professional\/#breadcrumblist"},"datePublished":"2012-09-29T18:20:49+00:00","dateModified":"2023-01-01T12:13:56+00:00"},{"@type":"WebSite","@id":"https:\/\/ull.grafologia.cat\/ca\/#website","url":"https:\/\/ull.grafologia.cat\/ca\/","name":"Eva Mi\u00f1ana - Grafolog\u00eda y Peritaje Caligr\u00e1fico","description":"Web de Eva Mi\u00f1ana dedicada a la Grafolog\u00eda y al Peritaje Caligr\u00e1fico","inLanguage":"ca","publisher":{"@id":"https:\/\/ull.grafologia.cat\/ca\/#organization"}}]},"og:locale":"ca_ES","og:site_name":"Eva Mi\u00f1ana - Grafolog\u00eda y Peritaje Caligr\u00e1fico - Web de Eva Mi\u00f1ana dedicada a la Grafolog\u00eda y al Peritaje Caligr\u00e1fico","og:type":"article","og:title":"Orientaci\u00f3 d'estudis i professional - Eva Mi\u00f1ana","og:description":"A l'orientaci\u00f3 d'estudis s'assessora l'estudiant per poder escollir entre les opcions formatives, on encaixa millor per la manera de ser i de treballar.","og:url":"https:\/\/ull.grafologia.cat\/ca\/orientacio-destudis-i-professional\/","og:image":"https:\/\/ull.grafologia.cat\/wp-content\/uploads\/2021\/03\/Eva_web_2.jpg","og:image:secure_url":"https:\/\/ull.grafologia.cat\/wp-content\/uploads\/2021\/03\/Eva_web_2.jpg","og:image:width":245,"og:image:height":245,"article:published_time":"2012-09-29T18:20:49+00:00","article:modified_time":"2023-01-01T12:13:56+00:00","article:publisher":"https:\/\/www.facebook.com\/mundografologia","twitter:card":"summary_large_image","twitter:site":"@evagrafologia","twitter:title":"Orientaci\u00f3 d'estudis i professional - Eva Mi\u00f1ana","twitter:description":"A l'orientaci\u00f3 d'estudis s'assessora l'estudiant per poder escollir entre les opcions formatives, on encaixa millor per la manera de ser i de treballar.","twitter:creator":"@evagrafologia","twitter:image":"https:\/\/ull.grafologia.cat\/wp-content\/uploads\/2021\/03\/Eva_web_2.jpg"},"aioseo_meta_data":{"post_id":"7729","title":"Orientaci\u00f3 d'estudis i professional - Eva Mi\u00f1ana","description":"A l'orientaci\u00f3 d'estudis s'assessora l'estudiant per poder escollir entre les opcions formatives, on encaixa millor per la manera de ser i de treballar.","keywords":[],"keyphrases":{"focus":{"keyphrase":"","score":0,"analysis":{"keyphraseInTitle":{"score":0,"maxScore":9,"error":1}}},"additional":[]},"primary_term":null,"canonical_url":null,"og_title":null,"og_description":null,"og_object_type":"default","og_image_type":"default","og_image_url":null,"og_image_width":null,"og_image_height":null,"og_image_custom_url":null,"og_image_custom_fields":null,"og_video":"","og_custom_url":null,"og_article_section":null,"og_article_tags":[],"twitter_use_og":false,"twitter_card":"default","twitter_image_type":"default","twitter_image_url":null,"twitter_image_custom_url":null,"twitter_image_custom_fields":null,"twitter_title":null,"twitter_description":null,"schema":{"blockGraphs":[],"customGraphs":[],"default":{"data":{"Article":[],"Course":[],"Dataset":[],"FAQPage":[],"Movie":[],"Person":[],"Product":[],"ProductReview":[],"Car":[],"Recipe":[],"Service":[],"SoftwareApplication":[],"WebPage":[]},"graphName":"WebPage","isEnabled":true},"graphs":[]},"schema_type":"default","schema_type_options":null,"pillar_content":false,"robots_default":true,"robots_noindex":false,"robots_noarchive":false,"robots_nosnippet":false,"robots_nofollow":false,"robots_noimageindex":false,"robots_noodp":false,"robots_notranslate":false,"robots_max_snippet":"-1","robots_max_videopreview":"-1","robots_max_imagepreview":"large","priority":null,"frequency":"default","local_seo":null,"limit_modified_date":false,"created":"2022-12-31 15:36:55","updated":"2026-07-08 19:56:07","ai":null,"breadcrumb_settings":null,"seo_analyzer_scan_date":null,"focus_keyword":null,"additional_keywords":null,"truseo_locale":null},"aioseo_breadcrumb":"<div class=\"aioseo-breadcrumbs\"><span class=\"aioseo-breadcrumb\">\n\t\t\t<a href=\"https:\/\/ull.grafologia.cat\/ca\/\" title=\"Inicio\">Inicio<\/a>\n\t\t<\/span><span class=\"aioseo-breadcrumb-separator\">&raquo;<\/span><span class=\"aioseo-breadcrumb\">\n\t\t\tOrientaci\u00f3 d\u2019estudis i professional\n\t\t<\/span><\/div>","aioseo_breadcrumb_json":[{"label":"Inicio","link":"https:\/\/ull.grafologia.cat\/ca\/"},{"label":"Orientaci\u00f3 d&#8217;estudis i professional","link":"https:\/\/ull.grafologia.cat\/ca\/orientacio-destudis-i-professional\/"}],"_links":{"self":[{"href":"https:\/\/ull.grafologia.cat\/ca\/wp-json\/wp\/v2\/pages\/7729","targetHints":{"allow":["GET"]}}],"collection":[{"href":"https:\/\/ull.grafologia.cat\/ca\/wp-json\/wp\/v2\/pages"}],"about":[{"href":"https:\/\/ull.grafologia.cat\/ca\/wp-json\/wp\/v2\/types\/page"}],"author":[{"embeddable":true,"href":"https:\/\/ull.grafologia.cat\/ca\/wp-json\/wp\/v2\/users\/4"}],"replies":[{"embeddable":true,"href":"https:\/\/ull.grafologia.cat\/ca\/wp-json\/wp\/v2\/comments?post=7729"}],"version-history":[{"count":3,"href":"https:\/\/ull.grafologia.cat\/ca\/wp-json\/wp\/v2\/pages\/7729\/revisions"}],"predecessor-version":[{"id":7949,"href":"https:\/\/ull.grafologia.cat\/ca\/wp-json\/wp\/v2\/pages\/7729\/revisions\/7949"}],"wp:attachment":[{"href":"https:\/\/ull.grafologia.cat\/ca\/wp-json\/wp\/v2\/media?parent=7729"}],"curies":[{"name":"wp","href":"https:\/\/api.w.org\/{rel}","templated":true}]}}