{"id":7718,"date":"2013-04-28T22:49:45","date_gmt":"2013-04-28T22:49:45","guid":{"rendered":"http:\/\/grafologia.cat\/?page_id=7718"},"modified":"2023-01-01T12:08:12","modified_gmt":"2023-01-01T12:08:12","slug":"formacio","status":"publish","type":"page","link":"https:\/\/ull.grafologia.cat\/ca\/formacio\/","title":{"rendered":"Formaci\u00f3"},"content":{"rendered":"[vc_row type=\u00bbin_container\u00bb full_screen_row_position=\u00bbmiddle\u00bb column_margin=\u00bbdefault\u00bb column_direction=\u00bbdefault\u00bb column_direction_tablet=\u00bbdefault\u00bb column_direction_phone=\u00bbdefault\u00bb scene_position=\u00bbcenter\u00bb text_color=\u00bbdark\u00bb text_align=\u00bbleft\u00bb row_border_radius=\u00bbnone\u00bb row_border_radius_applies=\u00bbbg\u00bb overflow=\u00bbvisible\u00bb overlay_strength=\u00bb0.3&#8243; gradient_direction=\u00bbleft_to_right\u00bb shape_divider_position=\u00bbbottom\u00bb bg_image_animation=\u00bbnone\u00bb][vc_column column_padding=\u00bbno-extra-padding\u00bb column_padding_tablet=\u00bbinherit\u00bb column_padding_phone=\u00bbinherit\u00bb column_padding_position=\u00bball\u00bb column_element_direction_desktop=\u00bbdefault\u00bb column_element_spacing=\u00bbdefault\u00bb desktop_text_alignment=\u00bbdefault\u00bb tablet_text_alignment=\u00bbdefault\u00bb phone_text_alignment=\u00bbdefault\u00bb background_color_opacity=\u00bb1&#8243; background_hover_color_opacity=\u00bb1&#8243; column_backdrop_filter=\u00bbnone\u00bb column_shadow=\u00bbnone\u00bb column_border_radius=\u00bbnone\u00bb column_link_target=\u00bb_self\u00bb column_position=\u00bbdefault\u00bb gradient_direction=\u00bbleft_to_right\u00bb overlay_strength=\u00bb0.3&#8243; width=\u00bb1\/1&#8243; tablet_width_inherit=\u00bbdefault\u00bb animation_type=\u00bbdefault\u00bb bg_image_animation=\u00bbnone\u00bb border_type=\u00bbsimple\u00bb column_border_width=\u00bbnone\u00bb column_border_style=\u00bbsolid\u00bb][divider line_type=\u00bbNo Line\u00bb custom_height=\u00bb70&#8243;][vc_column_text]\n<h3 style=\"color: #773b78; text-align: left;\">Formaci\u00f3<\/h3>\n[\/vc_column_text][divider line_type=\u00bbFull Width Line\u00bb line_thickness=\u00bb1&#8243; divider_color=\u00bbaccent-color\u00bb custom_height=\u00bb10&#8243;][divider line_type=\u00bbNo Line\u00bb custom_height=\u00bb20&#8243;][\/vc_column][\/vc_row][vc_row type=\u00bbin_container\u00bb full_screen_row_position=\u00bbmiddle\u00bb column_margin=\u00bbdefault\u00bb column_direction=\u00bbdefault\u00bb column_direction_tablet=\u00bbdefault\u00bb column_direction_phone=\u00bbdefault\u00bb scene_position=\u00bbcenter\u00bb text_color=\u00bbdark\u00bb text_align=\u00bbleft\u00bb row_border_radius=\u00bbnone\u00bb row_border_radius_applies=\u00bbbg\u00bb overflow=\u00bbvisible\u00bb overlay_strength=\u00bb0.3&#8243; gradient_direction=\u00bbleft_to_right\u00bb shape_divider_position=\u00bbbottom\u00bb bg_image_animation=\u00bbnone\u00bb][vc_column column_padding=\u00bbno-extra-padding\u00bb column_padding_tablet=\u00bbinherit\u00bb column_padding_phone=\u00bbinherit\u00bb column_padding_position=\u00bball\u00bb column_element_direction_desktop=\u00bbdefault\u00bb column_element_spacing=\u00bbdefault\u00bb desktop_text_alignment=\u00bbdefault\u00bb tablet_text_alignment=\u00bbdefault\u00bb phone_text_alignment=\u00bbdefault\u00bb background_color_opacity=\u00bb1&#8243; background_hover_color_opacity=\u00bb1&#8243; column_backdrop_filter=\u00bbnone\u00bb column_shadow=\u00bbnone\u00bb column_border_radius=\u00bbnone\u00bb column_link_target=\u00bb_self\u00bb column_position=\u00bbdefault\u00bb gradient_direction=\u00bbleft_to_right\u00bb overlay_strength=\u00bb0.3&#8243; width=\u00bb1\/6&#8243; tablet_width_inherit=\u00bbdefault\u00bb animation_type=\u00bbdefault\u00bb bg_image_animation=\u00bbnone\u00bb border_type=\u00bbsimple\u00bb column_border_width=\u00bbnone\u00bb column_border_style=\u00bbsolid\u00bb][\/vc_column][vc_column column_padding=\u00bbno-extra-padding\u00bb column_padding_tablet=\u00bbinherit\u00bb column_padding_phone=\u00bbinherit\u00bb column_padding_position=\u00bbright\u00bb column_element_direction_desktop=\u00bbdefault\u00bb column_element_spacing=\u00bbdefault\u00bb desktop_text_alignment=\u00bbdefault\u00bb tablet_text_alignment=\u00bbdefault\u00bb phone_text_alignment=\u00bbdefault\u00bb background_color_opacity=\u00bb1&#8243; background_hover_color_opacity=\u00bb1&#8243; column_backdrop_filter=\u00bbnone\u00bb column_shadow=\u00bbnone\u00bb column_border_radius=\u00bbnone\u00bb column_link_target=\u00bb_self\u00bb column_position=\u00bbdefault\u00bb gradient_direction=\u00bbleft_to_right\u00bb overlay_strength=\u00bb0.3&#8243; width=\u00bb2\/3&#8243; tablet_width_inherit=\u00bbdefault\u00bb animation_type=\u00bbdefault\u00bb bg_image_animation=\u00bbnone\u00bb border_type=\u00bbsimple\u00bb column_border_width=\u00bbnone\u00bb column_border_style=\u00bbsolid\u00bb][vc_column_text]<span data-contrast=\"none\">En l\u2019<\/span><b><span data-contrast=\"none\">\u00e0mbit empresarial<\/span><\/b><span data-contrast=\"none\">, l<\/span><span data-contrast=\"none\">a formaci\u00f3 en <\/span><span data-contrast=\"none\">g<\/span><span data-contrast=\"none\">rafologia<\/span> <span data-contrast=\"none\">de les persones amb tasques vinculades amb els recursos humans<\/span><span data-contrast=\"none\"> els hi<\/span> <span data-contrast=\"none\">dona suport en les seves tasques de detecci\u00f3 de<\/span> <b><span data-contrast=\"none\">potencial<\/span><\/b><span data-contrast=\"none\">, <\/span><b><span data-contrast=\"none\">motivaci\u00f3<\/span><\/b><span data-contrast=\"none\"> i <\/span><b><span data-contrast=\"none\">desenvolupament<\/span><\/b><span data-contrast=\"none\">, utilitzant a m\u00e9s a m\u00e9s una t\u00e8cnica que no resulta en absolut <\/span><span data-contrast=\"none\">invasiva<\/span><span data-contrast=\"none\"> per aquelles persones que ja formen part d\u2019una entitat.<\/span><span data-ccp-props=\"{&quot;134233117&quot;:true,&quot;134233118&quot;:true,&quot;201341983&quot;:2,&quot;335551550&quot;:6,&quot;335551620&quot;:6,&quot;335559739&quot;:200,&quot;335559740&quot;:270}\">\u00a0<\/span><\/p>\n<p><span data-contrast=\"none\">En l\u2019<\/span><b><span data-contrast=\"none\">\u00e0mbit educatiu<\/span><\/b><span data-contrast=\"none\">, la<\/span><span data-contrast=\"none\"> formaci\u00f3 als docents en grafologia els hi permet incrementar la\u00a0<\/span><span data-contrast=\"none\"> informaci\u00f3 dels<\/span><span data-contrast=\"none\"> seus<\/span><span data-contrast=\"none\"> alumnes<\/span><span data-contrast=\"none\"> i a partir d\u2019aqu\u00ed<\/span><span data-contrast=\"none\">,<\/span><span data-contrast=\"none\"> tenen m\u00e9s eines per a donar<\/span><span data-contrast=\"none\">-los<\/span><span data-contrast=\"none\"> suport <\/span><span data-contrast=\"none\">i ajudar-los en la correcta evoluci\u00f3 dels seus estudis.<\/span><span data-ccp-props=\"{&quot;134233117&quot;:true,&quot;134233118&quot;:true,&quot;201341983&quot;:2,&quot;335551550&quot;:6,&quot;335551620&quot;:6,&quot;335559739&quot;:200,&quot;335559740&quot;:270}\">\u00a0<\/span><\/p>\n<p><span data-contrast=\"none\">Resulta tamb\u00e9 molt gratificant poder realitzar <\/span><b><span data-contrast=\"none\">cursos d\u2019introducci\u00f3<\/span><\/b><span data-contrast=\"none\"> a la grafologia i <\/span><b><span data-contrast=\"none\">seminaris<\/span><\/b> <span data-contrast=\"none\">sobre temes concrets, tals com per exemple la signatura o la pressi\u00f3 en l\u2019escriptura.<\/span><span data-ccp-props=\"{&quot;134233117&quot;:true,&quot;134233118&quot;:true,&quot;201341983&quot;:2,&quot;335551550&quot;:6,&quot;335551620&quot;:6,&quot;335559739&quot;:200,&quot;335559740&quot;:270}\">\u00a0<\/span>[\/vc_column_text][divider line_type=\u00bbNo Line\u00bb custom_height=\u00bb50&#8243;][vc_row_inner column_margin=\u00bbdefault\u00bb column_direction=\u00bbdefault\u00bb column_direction_tablet=\u00bbdefault\u00bb column_direction_phone=\u00bbdefault\u00bb text_align=\u00bbleft\u00bb row_position=\u00bbdefault\u00bb row_position_tablet=\u00bbinherit\u00bb row_position_phone=\u00bbinherit\u00bb overflow=\u00bbvisible\u00bb pointer_events=\u00bball\u00bb][vc_column_inner column_padding=\u00bbno-extra-padding\u00bb column_padding_tablet=\u00bbinherit\u00bb column_padding_phone=\u00bbinherit\u00bb column_padding_position=\u00bball\u00bb column_element_direction_desktop=\u00bbdefault\u00bb column_element_spacing=\u00bbdefault\u00bb desktop_text_alignment=\u00bbcenter\u00bb tablet_text_alignment=\u00bbdefault\u00bb phone_text_alignment=\u00bbdefault\u00bb background_color_opacity=\u00bb1&#8243; background_hover_color_opacity=\u00bb1&#8243; column_backdrop_filter=\u00bbnone\u00bb column_shadow=\u00bbnone\u00bb column_border_radius=\u00bbnone\u00bb column_link_target=\u00bb_self\u00bb overflow=\u00bbvisible\u00bb gradient_direction=\u00bbleft_to_right\u00bb overlay_strength=\u00bb0.3&#8243; width=\u00bb1\/1&#8243; tablet_width_inherit=\u00bbdefault\u00bb animation_type=\u00bbdefault\u00bb bg_image_animation=\u00bbnone\u00bb border_type=\u00bbsimple\u00bb column_border_width=\u00bbnone\u00bb column_border_style=\u00bbsolid\u00bb column_padding_type=\u00bbdefault\u00bb gradient_type=\u00bbdefault\u00bb][divider line_type=\u00bbNo Line\u00bb custom_height=\u00bb50&#8243;][vc_custom_heading text=\u00bbEn qu\u00e8 et puc ajudar?\u00bb font_container=\u00bbtag:h4|font_size:30|text_align:center\u00bb google_fonts=\u00bbfont_family:Nunito%3A300%2Cregular%2C700|font_style:400%20regular%3A400%3Anormal\u00bb link=\u00bburl:mailto%3Aeva%40grafologia.cat|||\u00bb][nectar_btn size=\u00bblarge\u00bb button_style=\u00bbregular\u00bb button_color_2=\u00bbAccent-Color\u00bb color_override=\u00bb#773b78&#8243; icon_family=\u00bbnone\u00bb el_class=\u00bbBoto_Call_To_Action_Serveis\u00bb url=\u00bbhttps:\/\/ull.grafologia.cat\/ca\/contacto\/\u00bb text=\u00bbContacta&#8217;m\u00bb margin_top=\u00bb30&#8243; margin_bottom=\u00bb1&#8243;][divider line_type=\u00bbNo Line\u00bb custom_height=\u00bb5&#8243;][\/vc_column_inner][\/vc_row_inner][\/vc_column][vc_column column_padding=\u00bbno-extra-padding\u00bb column_padding_tablet=\u00bbinherit\u00bb column_padding_phone=\u00bbinherit\u00bb column_padding_position=\u00bball\u00bb column_element_direction_desktop=\u00bbdefault\u00bb column_element_spacing=\u00bbdefault\u00bb desktop_text_alignment=\u00bbdefault\u00bb tablet_text_alignment=\u00bbdefault\u00bb phone_text_alignment=\u00bbdefault\u00bb background_color_opacity=\u00bb1&#8243; background_hover_color_opacity=\u00bb1&#8243; column_backdrop_filter=\u00bbnone\u00bb column_shadow=\u00bbnone\u00bb column_border_radius=\u00bbnone\u00bb column_link_target=\u00bb_self\u00bb column_position=\u00bbdefault\u00bb gradient_direction=\u00bbleft_to_right\u00bb overlay_strength=\u00bb0.3&#8243; width=\u00bb1\/6&#8243; tablet_width_inherit=\u00bbdefault\u00bb animation_type=\u00bbdefault\u00bb bg_image_animation=\u00bbnone\u00bb border_type=\u00bbsimple\u00bb column_border_width=\u00bbnone\u00bb column_border_style=\u00bbsolid\u00bb][\/vc_column][\/vc_row]\n","protected":false},"excerpt":{"rendered":"<p>[vc_row type=\u00bbin_container\u00bb full_screen_row_position=\u00bbmiddle\u00bb column_margin=\u00bbdefault\u00bb column_direction=\u00bbdefault\u00bb column_direction_tablet=\u00bbdefault\u00bb column_direction_phone=\u00bbdefault\u00bb scene_position=\u00bbcenter\u00bb text_color=\u00bbdark\u00bb text_align=\u00bbleft\u00bb row_border_radius=\u00bbnone\u00bb row_border_radius_applies=\u00bbbg\u00bb overflow=\u00bbvisible\u00bb overlay_strength=\u00bb0.3&#8243; gradient_direction=\u00bbleft_to_right\u00bb shape_divider_position=\u00bbbottom\u00bb bg_image_animation=\u00bbnone\u00bb][vc_column column_padding=\u00bbno-extra-padding\u00bb column_padding_tablet=\u00bbinherit\u00bb column_padding_phone=\u00bbinherit\u00bb column_padding_position=\u00bball\u00bb column_element_direction_desktop=\u00bbdefault\u00bb column_element_spacing=\u00bbdefault\u00bb desktop_text_alignment=\u00bbdefault\u00bb tablet_text_alignment=\u00bbdefault\u00bb&#8230;<\/p>\n","protected":false},"author":4,"featured_media":0,"parent":0,"menu_order":0,"comment_status":"closed","ping_status":"closed","template":"page-sidebar.php","meta":{"footnotes":""},"class_list":["post-7718","page","type-page","status-publish"],"aioseo_notices":[],"aioseo_head":"\n\t\t<!-- All in One SEO 5.0.1.1 - aioseo.com -->\n\t<meta name=\"description\" content=\"La formaci\u00f3 en grafologia de les persones amb tasques vinculades amb els RRHH els hi dona suport en les seves tasques de detecci\u00f3 de potencial i motivaci\u00f3\" \/>\n\t<meta name=\"robots\" content=\"noindex, nofollow, max-image-preview:large\" \/>\n\t<link rel=\"canonical\" href=\"https:\/\/ull.grafologia.cat\/ca\/formacio\/\" \/>\n\t<meta name=\"generator\" content=\"All in One SEO (AIOSEO) 5.0.1.1\" \/>\n\t\t<meta property=\"og:locale\" content=\"ca_ES\" \/>\n\t\t<meta property=\"og:site_name\" content=\"Eva Mi\u00f1ana - Grafolog\u00eda y Peritaje Caligr\u00e1fico - Web de Eva Mi\u00f1ana dedicada a la Grafolog\u00eda y al Peritaje Caligr\u00e1fico\" \/>\n\t\t<meta property=\"og:type\" content=\"article\" \/>\n\t\t<meta property=\"og:title\" content=\"Formaci\u00f3 - Eva Mi\u00f1ana - Grafolog\u00eda y Peritaje Caligr\u00e1fico\" \/>\n\t\t<meta property=\"og:description\" content=\"La formaci\u00f3 en grafologia de les persones amb tasques vinculades amb els RRHH els hi dona suport en les seves tasques de detecci\u00f3 de potencial i motivaci\u00f3\" \/>\n\t\t<meta property=\"og:url\" content=\"https:\/\/ull.grafologia.cat\/ca\/formacio\/\" \/>\n\t\t<meta property=\"og:image\" content=\"https:\/\/ull.grafologia.cat\/wp-content\/uploads\/2021\/03\/Eva_web_2.jpg\" \/>\n\t\t<meta property=\"og:image:secure_url\" content=\"https:\/\/ull.grafologia.cat\/wp-content\/uploads\/2021\/03\/Eva_web_2.jpg\" \/>\n\t\t<meta property=\"og:image:width\" content=\"245\" \/>\n\t\t<meta property=\"og:image:height\" content=\"245\" \/>\n\t\t<meta property=\"article:published_time\" content=\"2013-04-28T22:49:45+00:00\" \/>\n\t\t<meta property=\"article:modified_time\" content=\"2023-01-01T12:08:12+00:00\" \/>\n\t\t<meta property=\"article:publisher\" content=\"https:\/\/www.facebook.com\/mundografologia\" \/>\n\t\t<meta name=\"twitter:card\" content=\"summary_large_image\" \/>\n\t\t<meta name=\"twitter:site\" content=\"@evagrafologia\" \/>\n\t\t<meta name=\"twitter:title\" content=\"Formaci\u00f3 - Eva Mi\u00f1ana - Grafolog\u00eda y Peritaje Caligr\u00e1fico\" \/>\n\t\t<meta name=\"twitter:description\" content=\"La formaci\u00f3 en grafologia de les persones amb tasques vinculades amb els RRHH els hi dona suport en les seves tasques de detecci\u00f3 de potencial i motivaci\u00f3\" \/>\n\t\t<meta name=\"twitter:creator\" content=\"@evagrafologia\" \/>\n\t\t<meta name=\"twitter:image\" content=\"https:\/\/ull.grafologia.cat\/wp-content\/uploads\/2021\/03\/Eva_web_2.jpg\" \/>\n\t\t<script type=\"application\/ld+json\" class=\"aioseo-schema\">\n\t\t\t{\"@context\":\"https:\\\/\\\/schema.org\",\"@graph\":[{\"@type\":\"BreadcrumbList\",\"@id\":\"https:\\\/\\\/ull.grafologia.cat\\\/ca\\\/formacio\\\/#breadcrumblist\",\"itemListElement\":[{\"@type\":\"ListItem\",\"@id\":\"https:\\\/\\\/ull.grafologia.cat\\\/ca\\\/#listItem\",\"position\":1,\"name\":\"Inicio\",\"item\":\"https:\\\/\\\/ull.grafologia.cat\\\/ca\\\/\",\"nextItem\":{\"@type\":\"ListItem\",\"@id\":\"https:\\\/\\\/ull.grafologia.cat\\\/ca\\\/formacio\\\/#listItem\",\"name\":\"Formaci\\u00f3\"}},{\"@type\":\"ListItem\",\"@id\":\"https:\\\/\\\/ull.grafologia.cat\\\/ca\\\/formacio\\\/#listItem\",\"position\":2,\"name\":\"Formaci\\u00f3\",\"previousItem\":{\"@type\":\"ListItem\",\"@id\":\"https:\\\/\\\/ull.grafologia.cat\\\/ca\\\/#listItem\",\"name\":\"Inicio\"}}]},{\"@type\":\"Organization\",\"@id\":\"https:\\\/\\\/ull.grafologia.cat\\\/ca\\\/#organization\",\"name\":\"Eva Mi\\u00f1ana - Grafolog\\u00eda y Peritaje Caligr\\u00e1fico\",\"description\":\"Web de Eva Mi\\u00f1ana dedicada a la Grafolog\\u00eda y al Peritaje Caligr\\u00e1fico\",\"url\":\"https:\\\/\\\/ull.grafologia.cat\\\/ca\\\/\",\"telephone\":\"+34670294722\",\"logo\":{\"@type\":\"ImageObject\",\"url\":\"https:\\\/\\\/ull.grafologia.cat\\\/wp-content\\\/uploads\\\/2022\\\/12\\\/Logo-Gran.png\",\"@id\":\"https:\\\/\\\/ull.grafologia.cat\\\/ca\\\/formacio\\\/#organizationLogo\",\"width\":832,\"height\":736},\"image\":{\"@id\":\"https:\\\/\\\/ull.grafologia.cat\\\/ca\\\/formacio\\\/#organizationLogo\"},\"sameAs\":[\"https:\\\/\\\/www.facebook.com\\\/mundografologia\",\"https:\\\/\\\/twitter.com\\\/evagrafologia\",\"https:\\\/\\\/www.instagram.com\\\/mundografologia\\\/\",\"https:\\\/\\\/www.youtube.com\\\/mundografologia\",\"https:\\\/\\\/www.linkedin.com\\\/in\\\/eva-miana\\\/?originalSubdomain=es\"]},{\"@type\":\"WebPage\",\"@id\":\"https:\\\/\\\/ull.grafologia.cat\\\/ca\\\/formacio\\\/#webpage\",\"url\":\"https:\\\/\\\/ull.grafologia.cat\\\/ca\\\/formacio\\\/\",\"name\":\"Formaci\\u00f3 - Eva Mi\\u00f1ana - Grafolog\\u00eda y Peritaje Caligr\\u00e1fico\",\"description\":\"La formaci\\u00f3 en grafologia de les persones amb tasques vinculades amb els RRHH els hi dona suport en les seves tasques de detecci\\u00f3 de potencial i motivaci\\u00f3\",\"inLanguage\":\"ca\",\"isPartOf\":{\"@id\":\"https:\\\/\\\/ull.grafologia.cat\\\/ca\\\/#website\"},\"breadcrumb\":{\"@id\":\"https:\\\/\\\/ull.grafologia.cat\\\/ca\\\/formacio\\\/#breadcrumblist\"},\"datePublished\":\"2013-04-28T22:49:45+00:00\",\"dateModified\":\"2023-01-01T12:08:12+00:00\"},{\"@type\":\"WebSite\",\"@id\":\"https:\\\/\\\/ull.grafologia.cat\\\/ca\\\/#website\",\"url\":\"https:\\\/\\\/ull.grafologia.cat\\\/ca\\\/\",\"name\":\"Eva Mi\\u00f1ana - Grafolog\\u00eda y Peritaje Caligr\\u00e1fico\",\"description\":\"Web de Eva Mi\\u00f1ana dedicada a la Grafolog\\u00eda y al Peritaje Caligr\\u00e1fico\",\"inLanguage\":\"ca\",\"publisher\":{\"@id\":\"https:\\\/\\\/ull.grafologia.cat\\\/ca\\\/#organization\"}}]}\n\t\t<\/script>\n\t\t<!-- All in One SEO -->\n\n","aioseo_head_json":{"title":"Formaci\u00f3 - Eva Mi\u00f1ana - Grafolog\u00eda y Peritaje Caligr\u00e1fico","description":"La formaci\u00f3 en grafologia de les persones amb tasques vinculades amb els RRHH els hi dona suport en les seves tasques de detecci\u00f3 de potencial i motivaci\u00f3","canonical_url":"https:\/\/ull.grafologia.cat\/ca\/formacio\/","robots":"noindex, nofollow, max-image-preview:large","keywords":"","webmasterTools":{"miscellaneous":""},"schema":{"@context":"https:\/\/schema.org","@graph":[{"@type":"BreadcrumbList","@id":"https:\/\/ull.grafologia.cat\/ca\/formacio\/#breadcrumblist","itemListElement":[{"@type":"ListItem","@id":"https:\/\/ull.grafologia.cat\/ca\/#listItem","position":1,"name":"Inicio","item":"https:\/\/ull.grafologia.cat\/ca\/","nextItem":{"@type":"ListItem","@id":"https:\/\/ull.grafologia.cat\/ca\/formacio\/#listItem","name":"Formaci\u00f3"}},{"@type":"ListItem","@id":"https:\/\/ull.grafologia.cat\/ca\/formacio\/#listItem","position":2,"name":"Formaci\u00f3","previousItem":{"@type":"ListItem","@id":"https:\/\/ull.grafologia.cat\/ca\/#listItem","name":"Inicio"}}]},{"@type":"Organization","@id":"https:\/\/ull.grafologia.cat\/ca\/#organization","name":"Eva Mi\u00f1ana - Grafolog\u00eda y Peritaje Caligr\u00e1fico","description":"Web de Eva Mi\u00f1ana dedicada a la Grafolog\u00eda y al Peritaje Caligr\u00e1fico","url":"https:\/\/ull.grafologia.cat\/ca\/","telephone":"+34670294722","logo":{"@type":"ImageObject","url":"https:\/\/ull.grafologia.cat\/wp-content\/uploads\/2022\/12\/Logo-Gran.png","@id":"https:\/\/ull.grafologia.cat\/ca\/formacio\/#organizationLogo","width":832,"height":736},"image":{"@id":"https:\/\/ull.grafologia.cat\/ca\/formacio\/#organizationLogo"},"sameAs":["https:\/\/www.facebook.com\/mundografologia","https:\/\/twitter.com\/evagrafologia","https:\/\/www.instagram.com\/mundografologia\/","https:\/\/www.youtube.com\/mundografologia","https:\/\/www.linkedin.com\/in\/eva-miana\/?originalSubdomain=es"]},{"@type":"WebPage","@id":"https:\/\/ull.grafologia.cat\/ca\/formacio\/#webpage","url":"https:\/\/ull.grafologia.cat\/ca\/formacio\/","name":"Formaci\u00f3 - Eva Mi\u00f1ana - Grafolog\u00eda y Peritaje Caligr\u00e1fico","description":"La formaci\u00f3 en grafologia de les persones amb tasques vinculades amb els RRHH els hi dona suport en les seves tasques de detecci\u00f3 de potencial i motivaci\u00f3","inLanguage":"ca","isPartOf":{"@id":"https:\/\/ull.grafologia.cat\/ca\/#website"},"breadcrumb":{"@id":"https:\/\/ull.grafologia.cat\/ca\/formacio\/#breadcrumblist"},"datePublished":"2013-04-28T22:49:45+00:00","dateModified":"2023-01-01T12:08:12+00:00"},{"@type":"WebSite","@id":"https:\/\/ull.grafologia.cat\/ca\/#website","url":"https:\/\/ull.grafologia.cat\/ca\/","name":"Eva Mi\u00f1ana - Grafolog\u00eda y Peritaje Caligr\u00e1fico","description":"Web de Eva Mi\u00f1ana dedicada a la Grafolog\u00eda y al Peritaje Caligr\u00e1fico","inLanguage":"ca","publisher":{"@id":"https:\/\/ull.grafologia.cat\/ca\/#organization"}}]},"og:locale":"ca_ES","og:site_name":"Eva Mi\u00f1ana - Grafolog\u00eda y Peritaje Caligr\u00e1fico - Web de Eva Mi\u00f1ana dedicada a la Grafolog\u00eda y al Peritaje Caligr\u00e1fico","og:type":"article","og:title":"Formaci\u00f3 - Eva Mi\u00f1ana - Grafolog\u00eda y Peritaje Caligr\u00e1fico","og:description":"La formaci\u00f3 en grafologia de les persones amb tasques vinculades amb els RRHH els hi dona suport en les seves tasques de detecci\u00f3 de potencial i motivaci\u00f3","og:url":"https:\/\/ull.grafologia.cat\/ca\/formacio\/","og:image":"https:\/\/ull.grafologia.cat\/wp-content\/uploads\/2021\/03\/Eva_web_2.jpg","og:image:secure_url":"https:\/\/ull.grafologia.cat\/wp-content\/uploads\/2021\/03\/Eva_web_2.jpg","og:image:width":245,"og:image:height":245,"article:published_time":"2013-04-28T22:49:45+00:00","article:modified_time":"2023-01-01T12:08:12+00:00","article:publisher":"https:\/\/www.facebook.com\/mundografologia","twitter:card":"summary_large_image","twitter:site":"@evagrafologia","twitter:title":"Formaci\u00f3 - Eva Mi\u00f1ana - Grafolog\u00eda y Peritaje Caligr\u00e1fico","twitter:description":"La formaci\u00f3 en grafologia de les persones amb tasques vinculades amb els RRHH els hi dona suport en les seves tasques de detecci\u00f3 de potencial i motivaci\u00f3","twitter:creator":"@evagrafologia","twitter:image":"https:\/\/ull.grafologia.cat\/wp-content\/uploads\/2021\/03\/Eva_web_2.jpg"},"aioseo_meta_data":{"post_id":"7718","title":null,"description":"La formaci\u00f3 en grafologia de les persones amb tasques vinculades amb els RRHH els hi dona suport en les seves tasques de detecci\u00f3 de potencial i motivaci\u00f3","keywords":[],"keyphrases":{"focus":{"keyphrase":"","score":0,"analysis":{"keyphraseInTitle":{"score":0,"maxScore":9,"error":1}}},"additional":[]},"primary_term":null,"canonical_url":null,"og_title":null,"og_description":null,"og_object_type":"default","og_image_type":"default","og_image_url":null,"og_image_width":null,"og_image_height":null,"og_image_custom_url":null,"og_image_custom_fields":null,"og_video":"","og_custom_url":null,"og_article_section":null,"og_article_tags":[],"twitter_use_og":false,"twitter_card":"default","twitter_image_type":"default","twitter_image_url":null,"twitter_image_custom_url":null,"twitter_image_custom_fields":null,"twitter_title":null,"twitter_description":null,"schema":{"blockGraphs":[],"customGraphs":[],"default":{"data":{"Article":[],"Course":[],"Dataset":[],"FAQPage":[],"Movie":[],"Person":[],"Product":[],"ProductReview":[],"Car":[],"Recipe":[],"Service":[],"SoftwareApplication":[],"WebPage":[]},"graphName":"WebPage","isEnabled":true},"graphs":[]},"schema_type":"default","schema_type_options":null,"pillar_content":false,"robots_default":true,"robots_noindex":false,"robots_noarchive":false,"robots_nosnippet":false,"robots_nofollow":false,"robots_noimageindex":false,"robots_noodp":false,"robots_notranslate":false,"robots_max_snippet":"-1","robots_max_videopreview":"-1","robots_max_imagepreview":"large","priority":null,"frequency":"default","local_seo":null,"limit_modified_date":false,"created":"2022-12-31 15:36:55","updated":"2026-07-08 19:57:27","ai":null,"breadcrumb_settings":null,"seo_analyzer_scan_date":null,"focus_keyword":null,"additional_keywords":null,"truseo_locale":null},"aioseo_breadcrumb":"<div class=\"aioseo-breadcrumbs\"><span class=\"aioseo-breadcrumb\">\n\t\t\t<a href=\"https:\/\/ull.grafologia.cat\/ca\/\" title=\"Inicio\">Inicio<\/a>\n\t\t<\/span><span class=\"aioseo-breadcrumb-separator\">&raquo;<\/span><span class=\"aioseo-breadcrumb\">\n\t\t\tFormaci\u00f3\n\t\t<\/span><\/div>","aioseo_breadcrumb_json":[{"label":"Inicio","link":"https:\/\/ull.grafologia.cat\/ca\/"},{"label":"Formaci\u00f3","link":"https:\/\/ull.grafologia.cat\/ca\/formacio\/"}],"_links":{"self":[{"href":"https:\/\/ull.grafologia.cat\/ca\/wp-json\/wp\/v2\/pages\/7718","targetHints":{"allow":["GET"]}}],"collection":[{"href":"https:\/\/ull.grafologia.cat\/ca\/wp-json\/wp\/v2\/pages"}],"about":[{"href":"https:\/\/ull.grafologia.cat\/ca\/wp-json\/wp\/v2\/types\/page"}],"author":[{"embeddable":true,"href":"https:\/\/ull.grafologia.cat\/ca\/wp-json\/wp\/v2\/users\/4"}],"replies":[{"embeddable":true,"href":"https:\/\/ull.grafologia.cat\/ca\/wp-json\/wp\/v2\/comments?post=7718"}],"version-history":[{"count":4,"href":"https:\/\/ull.grafologia.cat\/ca\/wp-json\/wp\/v2\/pages\/7718\/revisions"}],"predecessor-version":[{"id":7977,"href":"https:\/\/ull.grafologia.cat\/ca\/wp-json\/wp\/v2\/pages\/7718\/revisions\/7977"}],"wp:attachment":[{"href":"https:\/\/ull.grafologia.cat\/ca\/wp-json\/wp\/v2\/media?parent=7718"}],"curies":[{"name":"wp","href":"https:\/\/api.w.org\/{rel}","templated":true}]}}