{"id":7646,"date":"2019-05-13T18:55:53","date_gmt":"2019-05-13T18:55:53","guid":{"rendered":"http:\/\/grafologia.cat\/?page_id=7646"},"modified":"2023-01-01T12:05:43","modified_gmt":"2023-01-01T12:05:43","slug":"aviso-legalcaavis-legal","status":"publish","type":"page","link":"https:\/\/ull.grafologia.cat\/ca\/aviso-legalcaavis-legal\/","title":{"rendered":"Av\u00eds legal"},"content":{"rendered":"[vc_row type=\u00bbin_container\u00bb full_screen_row_position=\u00bbmiddle\u00bb column_margin=\u00bbdefault\u00bb column_direction=\u00bbdefault\u00bb column_direction_tablet=\u00bbdefault\u00bb column_direction_phone=\u00bbdefault\u00bb scene_position=\u00bbcenter\u00bb text_color=\u00bbdark\u00bb text_align=\u00bbleft\u00bb row_border_radius=\u00bbnone\u00bb row_border_radius_applies=\u00bbbg\u00bb overflow=\u00bbvisible\u00bb overlay_strength=\u00bb0.3&#8243; gradient_direction=\u00bbleft_to_right\u00bb shape_divider_position=\u00bbbottom\u00bb bg_image_animation=\u00bbnone\u00bb][vc_column column_padding=\u00bbno-extra-padding\u00bb column_padding_tablet=\u00bbinherit\u00bb column_padding_phone=\u00bbinherit\u00bb column_padding_position=\u00bball\u00bb column_element_direction_desktop=\u00bbdefault\u00bb column_element_spacing=\u00bbdefault\u00bb desktop_text_alignment=\u00bbdefault\u00bb tablet_text_alignment=\u00bbdefault\u00bb phone_text_alignment=\u00bbdefault\u00bb background_color_opacity=\u00bb1&#8243; background_hover_color_opacity=\u00bb1&#8243; column_backdrop_filter=\u00bbnone\u00bb column_shadow=\u00bbnone\u00bb column_border_radius=\u00bbnone\u00bb column_link_target=\u00bb_self\u00bb column_position=\u00bbdefault\u00bb gradient_direction=\u00bbleft_to_right\u00bb overlay_strength=\u00bb0.3&#8243; width=\u00bb1\/1&#8243; tablet_width_inherit=\u00bbdefault\u00bb animation_type=\u00bbdefault\u00bb bg_image_animation=\u00bbnone\u00bb border_type=\u00bbsimple\u00bb column_border_width=\u00bbnone\u00bb column_border_style=\u00bbsolid\u00bb][vc_column_text]\n<h1><span style=\"color: #773b78;\">Av\u00eds legal<\/span><\/h1>\n<p>&nbsp;<\/p>\n<h3><span style=\"color: #773b78;\">Responsable del tractament de les dades<\/span><\/h3>\n<p>En compliment del deure d&#8217;informaci\u00f3 que estableix la Llei La 34\/2002, d&#8217;11 de juliol, de Serveis de la Societat de la Informaci\u00f3 i del Comer\u00e7 Electr\u00f2nic, li comuniquem que la present web \u00e9s titularitat de:<\/p>\n<p>Denominaci\u00f3 Social: Eva Mi\u00f1ana Pascual (En endavant El Responsable)<\/p>\n<p>NIF : 46562658D<\/p>\n<p>Domicili Social: Lola Anglada, 32 08810 Sant Pere de Ribes (Barcelona)<\/p>\n<p>Tel\u00e8fon: 670294722<\/p>\n<p>e-Mail: <a href=\"mailto:eva@grafologia.cat\">eva@grafologia.cat<\/a><\/p>\n<p>Nom de domini: <a href=\"https:\/\/ull.grafologia.cat\/ca\">www.grafologia.cat<\/a> (En endavant El lloc web)<\/p>\n<h3><span style=\"color: #773b78;\">Objecte<\/span><\/h3>\n<p>El responsable posa a disposici\u00f3 dels usuaris el present document amb el qual pret\u00e9n\u00a0donar compliment\u00a0del que disposa la normativa vigent en mat\u00e8ria de protecci\u00f3 de dades, i en el context del nou marc normatiu establert en virtut del qual disposa el Reglament (UE) 2016\/679 del Parlament Europeu i del Consell, de 27 d&#8217;abril de 2016, relatiu a la protecci\u00f3 de les persones f\u00edsiques pel que fa al tractament de dades personals i a la lliure circulaci\u00f3 d&#8217;aquestes dades (en endavant, el \u00abRGPD\u00bb), i la normativa nacional en mat\u00e8ria de protecci\u00f3 de dades de car\u00e0cter personal, aix\u00ed com informar a tots els usuaris del lloc web respecte a quines s\u00f3n les condicions d&#8217;\u00fas d&#8217;aquest.<\/p>\n<p>Tota persona que accedeixi a aquest lloc web assumeix el paper d&#8217;usuari, comprometent-se a l&#8217;observan\u00e7a i compliment rigor\u00f3s de les disposicions aqu\u00ed disposades, aix\u00ed com a qualsevol altra disposici\u00f3 legal que fora d&#8217;aplicaci\u00f3.<\/p>\n<p>El responsable es reserva el dret a modificar qualsevol tipus d&#8217;informaci\u00f3 que pogu\u00e9s apar\u00e8ixer al lloc web, sense que hi hagi obligaci\u00f3 de preavisar o posar en coneixement dels usuaris aquestes obligacions, entenent-se com suficient amb la publicaci\u00f3 al lloc web del responsable.<\/p>\n<h3><span style=\"color: #773b78;\">Responsabilitat<\/span><\/h3>\n<p>El responsable s&#8217;eximeix de qualsevol tipus de responsabilitat derivada de la informaci\u00f3 publicada al seu lloc web, sempre que aquesta informaci\u00f3 hagi estat manipulada o introdu\u00efda per un tercer ali\u00e8 a aquest.<\/p>\n<h3><span style=\"color: #773b78;\">Adreces IP<\/span><\/h3>\n<p>Els servidors del lloc web podran detectar de manera autom\u00e0tica l&#8217;adre\u00e7a IP i el nom de domini utilitzats per l&#8217;usuari.<\/p>\n<p>Una adre\u00e7a IP \u00e9s un nombre assignat autom\u00e0ticament a un ordinador quan aquest es connecta a Internet. Tota aquesta informaci\u00f3 \u00e9s registrada en un fitxer d&#8217;activitat del servidor, degudament inscrit, que permet el posterior processament de les dades amb la finalitat d&#8217;obtenir mesures \u00fanicament estad\u00edstiques que permetin con\u00e8ixer el nombre d&#8217;impressions de p\u00e0gines, el nombre de visites realitzades als servidors web, l&#8217;ordre de visites, el punt d&#8217;acc\u00e9s, etc.<\/p>\n<h3><span style=\"color: #773b78;\">Pol\u00edtica d&#8217;enlla\u00e7os<\/span><\/h3>\n<p>Des del present lloc web \u00e9s possible que es redirigeixi a continguts de tercers llocs web. At\u00e8s que El responsable no pot controlar sempre els continguts introdu\u00efts pels tercers en els seus llocs web, aquest no assumeix cap tipus de responsabilitat respecte a aquests continguts. En tot cas, El Responsable manifesta que procedir\u00e0 a la retirada immediata de qualsevol contingut que pogu\u00e9s contravenir la legislaci\u00f3 nacional o internacional, la moral o l&#8217;ordre p\u00fablic, procedint a la retirada immediata de la redirecci\u00f3 a dit lloc web, posant en coneixement de les autoritats competents el contingut en q\u00fcesti\u00f3.<\/p>\n<p>El responsable no es fa responsable de la informaci\u00f3 i continguts emmagatzemats, a t\u00edtol enunciatiu per\u00f2 no limitatiu, en f\u00f2rums, xat, generadors de blocs, comentaris, xarxes socials o qualsevol altre mitj\u00e0 que permeti a tercers publicar continguts de forma independent en la p\u00e0gina web del responsable. No obstant aix\u00f2 i en compliment del que disposa l&#8217;art. 11 i 16 de la LSSICE, El Responsable es posa a disposici\u00f3 de tots els usuaris, autoritats i forces de seguretat, col\u00b7laborant de forma activa en la retirada o si escau bloqueig de tots aquells continguts que puguin afectar o contravenir la legislaci\u00f3 nacional, o internacional, drets de tercers o la moral i l&#8217;ordre p\u00fablic. En cas que l&#8217;usuari consideri que existeix en el lloc web algun contingut que pogu\u00e9s ser susceptible d&#8217;aquesta classificaci\u00f3, es prega que ho faci saber de forma immediata a l&#8217;administrador del lloc web.<\/p>\n<p>Aquest lloc web ha estat revisat i provat perqu\u00e8 funcioni correctament. En principi, pot garantir-se el correcte funcionament els 365 dies de l&#8217;any, 24 hores al dia. No obstant aix\u00f2, El Responsable no descarta la possibilitat que existeixin certs errors de programaci\u00f3, o que esdevinguin causes de for\u00e7a major, cat\u00e0strofes naturals, vagues, o circumst\u00e0ncies semblants que facin impossible l&#8217;acc\u00e9s a la p\u00e0gina web.<\/p>\n<h3><span style=\"color: #773b78;\">Protecci\u00f3 de dades<\/span><\/h3>\n<p>El responsable es troba profundament comprom\u00e8s en el compliment del que disposa la normativa vigent en mat\u00e8ria de protecci\u00f3 de dades, i en el context del nou marc normatiu establert en virtut del qual disposa el Reglament (UE) 2016\/679 del Parlament Europeu i del Consell, de 27 d&#8217;abril de 2016, relatiu a la protecci\u00f3 de les persones f\u00edsiques pel que fa al tractament de dades personals i a la lliure circulaci\u00f3 d&#8217;aquestes dades (en endavant, el \u00abRGPD\u00bb), i la normativa nacional en mat\u00e8ria de protecci\u00f3 de dades de car\u00e0cter personal.<\/p>\n<p>Aix\u00ed mateix, El Responsable informa que\u00a0donar compliment\u00a0a la Llei 34\/2002 d&#8217;11 de juliol, de Serveis de la Societat de la Informaci\u00f3 i el Comer\u00e7 Electr\u00f2nic i li sol\u00b7licitar\u00e0 el seu consentiment al tractament de les seves dades amb fins comercials en cada moment.<\/p>\n<h3><span style=\"color: #773b78;\">Propietat intel\u00b7lectual i industrial<\/span><\/h3>\n<p>Tots els continguts del lloc web es troben degudament protegits per la normativa de propietat intel\u00b7lectual i industrial.<\/p>\n<p>Independentment de la finalitat per a la qual fossin destinats, la reproducci\u00f3 total o parcial, \u00fas, explotaci\u00f3, distribuci\u00f3 i comercialitzaci\u00f3, requereix en tot cas de l&#8217;autoritzaci\u00f3 escrita pr\u00e8via per part del responsable. Qualsevol \u00fas no autoritzat pr\u00e8viament per part del responsable ser\u00e0 considerat un incompliment greu dels drets de propietat intel\u00b7lectual o industrial de l&#8217;autor.<\/p>\n<p>Els dissenys, logotips, text i \/ o gr\u00e0fics aliens al prestador i que poguessin apar\u00e8ixer en el lloc web, pertanyen als seus respectius propietaris, sent ells mateixos responsables de qualsevol possible controv\u00e8rsia que pogu\u00e9s suscitar respecte a aquests. En tot cas, El Responsable compta amb l&#8217;autoritzaci\u00f3 expressa i pr\u00e8via per part\u00a0d&#8217;aquests.<\/p>\n<p>El responsable autoritza expressament\u00a0a qu\u00e8\u00a0tercers puguin redirigir directament als continguts concrets del lloc web, i en tot cas redirigir a la p\u00e0gina principal del lloc web del responsable.<\/p>\n<p>El Responsable reconeix a favor dels seus titulars els corresponents drets de propietat intel\u00b7lectual i industrial, no implicant el seu sol esment o aparici\u00f3 en el lloc web l&#8217;exist\u00e8ncia de drets o responsabilitat alguna del responsable\u00a0sobre aquests, com tampoc respatller, patrocini o recomanaci\u00f3 per la seva part.<\/p>\n<p>Per a totes aquelles imatges en qu\u00e8 el programari de disseny ho permet, s&#8217;han incl\u00f2s les refer\u00e8ncies corresponents a l&#8217;autoria i llic\u00e8ncia corresponent.<\/p>\n<p>Per realitzar qualsevol tipus d&#8217;observaci\u00f3 respecte a possibles incompliments dels drets de propietat intel\u00b7lectual o industrial, aix\u00ed com sobre qualsevol dels continguts del lloc web, pot fer-ho a trav\u00e9s del seg\u00fcent correu electr\u00f2nic: <u>eva@grafologia.cat<\/u><\/p>\n<h3><span style=\"color: #773b78;\">SSL<\/span><\/h3>\n<p>El responsable ha contractat per al seu lloc web un certificat SSL ( \u00abSecure Sockets Layer\u00bb).<\/p>\n<p>Un certificat SSL permet protegir tota la informaci\u00f3 personal i confidencial que es pugui gestionar en un lloc web, independentment de la informaci\u00f3 que es transmeti, com per exemple, des de qualsevol dels formularis de contacte de la web fins al servidor, o les dades introdu\u00efts per a la subscripci\u00f3 de butlletins de not\u00edcies o accessos a les \u00e0rees protegides, etc.<\/p>\n<p>La direcci\u00f3 del lloc web apareixer\u00e0 en color verd, activant el protocol \u00abhttps\u00bb que permet connexions segures des d&#8217;un servidor web al navegador de l&#8217;usuari.<\/p>\n<h3><span style=\"color: #773b78;\">Legislaci\u00f3 aplicable i jur\u00edsdicci\u00f3<\/span><\/h3>\n<p>Per a la resoluci\u00f3 de totes les controv\u00e8rsies o q\u00fcestions relacionades amb el present lloc web o de les activitats en ell desenvolupades, ser\u00e0 d&#8217;aplicaci\u00f3 la legislaci\u00f3 espanyola, a la qual se sotmeten expressament les parts, sent competents per a la resoluci\u00f3 de tots els conflictes derivats o relacionats amb el seu[\/vc_column_text][\/vc_column][\/vc_row]\n","protected":false},"excerpt":{"rendered":"<p>[vc_row type=\u00bbin_container\u00bb full_screen_row_position=\u00bbmiddle\u00bb column_margin=\u00bbdefault\u00bb column_direction=\u00bbdefault\u00bb column_direction_tablet=\u00bbdefault\u00bb column_direction_phone=\u00bbdefault\u00bb scene_position=\u00bbcenter\u00bb text_color=\u00bbdark\u00bb text_align=\u00bbleft\u00bb row_border_radius=\u00bbnone\u00bb row_border_radius_applies=\u00bbbg\u00bb overflow=\u00bbvisible\u00bb overlay_strength=\u00bb0.3&#8243; gradient_direction=\u00bbleft_to_right\u00bb shape_divider_position=\u00bbbottom\u00bb bg_image_animation=\u00bbnone\u00bb][vc_column column_padding=\u00bbno-extra-padding\u00bb column_padding_tablet=\u00bbinherit\u00bb column_padding_phone=\u00bbinherit\u00bb column_padding_position=\u00bball\u00bb column_element_direction_desktop=\u00bbdefault\u00bb column_element_spacing=\u00bbdefault\u00bb desktop_text_alignment=\u00bbdefault\u00bb tablet_text_alignment=\u00bbdefault\u00bb&#8230;<\/p>\n","protected":false},"author":4,"featured_media":0,"parent":0,"menu_order":0,"comment_status":"closed","ping_status":"closed","template":"","meta":{"footnotes":""},"class_list":["post-7646","page","type-page","status-publish"],"aioseo_notices":[],"aioseo_head":"\n\t\t<!-- All in One SEO 5.0.1.1 - aioseo.com -->\n\t<meta name=\"description\" content=\"En compliment del deure d&#039;informaci\u00f3 que estableix la Llei La 34\/2002, d&#039;11 de juliol, de Serveis de la Societat de la Informaci\u00f3 i del Comer\u00e7 Electr\u00f2nic\" \/>\n\t<meta name=\"robots\" content=\"noindex, nofollow, max-image-preview:large\" \/>\n\t<link rel=\"canonical\" href=\"https:\/\/ull.grafologia.cat\/ca\/aviso-legalcaavis-legal\/\" \/>\n\t<meta name=\"generator\" content=\"All in One SEO (AIOSEO) 5.0.1.1\" \/>\n\t\t<meta property=\"og:locale\" content=\"ca_ES\" \/>\n\t\t<meta property=\"og:site_name\" content=\"Eva Mi\u00f1ana - Grafolog\u00eda y Peritaje Caligr\u00e1fico - Web de Eva Mi\u00f1ana dedicada a la Grafolog\u00eda y al Peritaje Caligr\u00e1fico\" \/>\n\t\t<meta property=\"og:type\" content=\"article\" \/>\n\t\t<meta property=\"og:title\" content=\"Av\u00eds legal - Eva Mi\u00f1ana - Grafologia Peritatge Cal\u00b7ligr\u00e0fic\" \/>\n\t\t<meta property=\"og:description\" content=\"En compliment del deure d&#039;informaci\u00f3 que estableix la Llei La 34\/2002, d&#039;11 de juliol, de Serveis de la Societat de la Informaci\u00f3 i del Comer\u00e7 Electr\u00f2nic\" \/>\n\t\t<meta property=\"og:url\" content=\"https:\/\/ull.grafologia.cat\/ca\/aviso-legalcaavis-legal\/\" \/>\n\t\t<meta property=\"og:image\" content=\"https:\/\/ull.grafologia.cat\/wp-content\/uploads\/2021\/03\/Eva_web_2.jpg\" \/>\n\t\t<meta property=\"og:image:secure_url\" content=\"https:\/\/ull.grafologia.cat\/wp-content\/uploads\/2021\/03\/Eva_web_2.jpg\" \/>\n\t\t<meta property=\"og:image:width\" content=\"245\" \/>\n\t\t<meta property=\"og:image:height\" content=\"245\" \/>\n\t\t<meta property=\"article:published_time\" content=\"2019-05-13T18:55:53+00:00\" \/>\n\t\t<meta property=\"article:modified_time\" content=\"2023-01-01T12:05:43+00:00\" \/>\n\t\t<meta property=\"article:publisher\" content=\"https:\/\/www.facebook.com\/mundografologia\" \/>\n\t\t<meta name=\"twitter:card\" content=\"summary_large_image\" \/>\n\t\t<meta name=\"twitter:site\" content=\"@evagrafologia\" \/>\n\t\t<meta name=\"twitter:title\" content=\"Av\u00eds legal - Eva Mi\u00f1ana - Grafologia Peritatge Cal\u00b7ligr\u00e0fic\" \/>\n\t\t<meta name=\"twitter:description\" content=\"En compliment del deure d&#039;informaci\u00f3 que estableix la Llei La 34\/2002, d&#039;11 de juliol, de Serveis de la Societat de la Informaci\u00f3 i del Comer\u00e7 Electr\u00f2nic\" \/>\n\t\t<meta name=\"twitter:creator\" content=\"@evagrafologia\" \/>\n\t\t<meta name=\"twitter:image\" content=\"https:\/\/ull.grafologia.cat\/wp-content\/uploads\/2021\/03\/Eva_web_2.jpg\" \/>\n\t\t<script type=\"application\/ld+json\" class=\"aioseo-schema\">\n\t\t\t{\"@context\":\"https:\\\/\\\/schema.org\",\"@graph\":[{\"@type\":\"BreadcrumbList\",\"@id\":\"https:\\\/\\\/ull.grafologia.cat\\\/ca\\\/aviso-legalcaavis-legal\\\/#breadcrumblist\",\"itemListElement\":[{\"@type\":\"ListItem\",\"@id\":\"https:\\\/\\\/ull.grafologia.cat\\\/ca\\\/#listItem\",\"position\":1,\"name\":\"Inicio\",\"item\":\"https:\\\/\\\/ull.grafologia.cat\\\/ca\\\/\",\"nextItem\":{\"@type\":\"ListItem\",\"@id\":\"https:\\\/\\\/ull.grafologia.cat\\\/ca\\\/aviso-legalcaavis-legal\\\/#listItem\",\"name\":\"Av\\u00eds legal\"}},{\"@type\":\"ListItem\",\"@id\":\"https:\\\/\\\/ull.grafologia.cat\\\/ca\\\/aviso-legalcaavis-legal\\\/#listItem\",\"position\":2,\"name\":\"Av\\u00eds legal\",\"previousItem\":{\"@type\":\"ListItem\",\"@id\":\"https:\\\/\\\/ull.grafologia.cat\\\/ca\\\/#listItem\",\"name\":\"Inicio\"}}]},{\"@type\":\"Organization\",\"@id\":\"https:\\\/\\\/ull.grafologia.cat\\\/ca\\\/#organization\",\"name\":\"Eva Mi\\u00f1ana - Grafolog\\u00eda y Peritaje Caligr\\u00e1fico\",\"description\":\"Web de Eva Mi\\u00f1ana dedicada a la Grafolog\\u00eda y al Peritaje Caligr\\u00e1fico\",\"url\":\"https:\\\/\\\/ull.grafologia.cat\\\/ca\\\/\",\"telephone\":\"+34670294722\",\"logo\":{\"@type\":\"ImageObject\",\"url\":\"https:\\\/\\\/ull.grafologia.cat\\\/wp-content\\\/uploads\\\/2022\\\/12\\\/Logo-Gran.png\",\"@id\":\"https:\\\/\\\/ull.grafologia.cat\\\/ca\\\/aviso-legalcaavis-legal\\\/#organizationLogo\",\"width\":832,\"height\":736},\"image\":{\"@id\":\"https:\\\/\\\/ull.grafologia.cat\\\/ca\\\/aviso-legalcaavis-legal\\\/#organizationLogo\"},\"sameAs\":[\"https:\\\/\\\/www.facebook.com\\\/mundografologia\",\"https:\\\/\\\/twitter.com\\\/evagrafologia\",\"https:\\\/\\\/www.instagram.com\\\/mundografologia\\\/\",\"https:\\\/\\\/www.youtube.com\\\/mundografologia\",\"https:\\\/\\\/www.linkedin.com\\\/in\\\/eva-miana\\\/?originalSubdomain=es\"]},{\"@type\":\"WebPage\",\"@id\":\"https:\\\/\\\/ull.grafologia.cat\\\/ca\\\/aviso-legalcaavis-legal\\\/#webpage\",\"url\":\"https:\\\/\\\/ull.grafologia.cat\\\/ca\\\/aviso-legalcaavis-legal\\\/\",\"name\":\"Av\\u00eds legal - Eva Mi\\u00f1ana - Grafologia Peritatge Cal\\u00b7ligr\\u00e0fic\",\"description\":\"En compliment del deure d'informaci\\u00f3 que estableix la Llei La 34\\\/2002, d'11 de juliol, de Serveis de la Societat de la Informaci\\u00f3 i del Comer\\u00e7 Electr\\u00f2nic\",\"inLanguage\":\"ca\",\"isPartOf\":{\"@id\":\"https:\\\/\\\/ull.grafologia.cat\\\/ca\\\/#website\"},\"breadcrumb\":{\"@id\":\"https:\\\/\\\/ull.grafologia.cat\\\/ca\\\/aviso-legalcaavis-legal\\\/#breadcrumblist\"},\"datePublished\":\"2019-05-13T18:55:53+00:00\",\"dateModified\":\"2023-01-01T12:05:43+00:00\"},{\"@type\":\"WebSite\",\"@id\":\"https:\\\/\\\/ull.grafologia.cat\\\/ca\\\/#website\",\"url\":\"https:\\\/\\\/ull.grafologia.cat\\\/ca\\\/\",\"name\":\"Eva Mi\\u00f1ana - Grafolog\\u00eda y Peritaje Caligr\\u00e1fico\",\"description\":\"Web de Eva Mi\\u00f1ana dedicada a la Grafolog\\u00eda y al Peritaje Caligr\\u00e1fico\",\"inLanguage\":\"ca\",\"publisher\":{\"@id\":\"https:\\\/\\\/ull.grafologia.cat\\\/ca\\\/#organization\"}}]}\n\t\t<\/script>\n\t\t<!-- All in One SEO -->\n\n","aioseo_head_json":{"title":"Av\u00eds legal - Eva Mi\u00f1ana - Grafologia Peritatge Cal\u00b7ligr\u00e0fic","description":"En compliment del deure d'informaci\u00f3 que estableix la Llei La 34\/2002, d'11 de juliol, de Serveis de la Societat de la Informaci\u00f3 i del Comer\u00e7 Electr\u00f2nic","canonical_url":"https:\/\/ull.grafologia.cat\/ca\/aviso-legalcaavis-legal\/","robots":"noindex, nofollow, max-image-preview:large","keywords":"","webmasterTools":{"miscellaneous":""},"schema":{"@context":"https:\/\/schema.org","@graph":[{"@type":"BreadcrumbList","@id":"https:\/\/ull.grafologia.cat\/ca\/aviso-legalcaavis-legal\/#breadcrumblist","itemListElement":[{"@type":"ListItem","@id":"https:\/\/ull.grafologia.cat\/ca\/#listItem","position":1,"name":"Inicio","item":"https:\/\/ull.grafologia.cat\/ca\/","nextItem":{"@type":"ListItem","@id":"https:\/\/ull.grafologia.cat\/ca\/aviso-legalcaavis-legal\/#listItem","name":"Av\u00eds legal"}},{"@type":"ListItem","@id":"https:\/\/ull.grafologia.cat\/ca\/aviso-legalcaavis-legal\/#listItem","position":2,"name":"Av\u00eds legal","previousItem":{"@type":"ListItem","@id":"https:\/\/ull.grafologia.cat\/ca\/#listItem","name":"Inicio"}}]},{"@type":"Organization","@id":"https:\/\/ull.grafologia.cat\/ca\/#organization","name":"Eva Mi\u00f1ana - Grafolog\u00eda y Peritaje Caligr\u00e1fico","description":"Web de Eva Mi\u00f1ana dedicada a la Grafolog\u00eda y al Peritaje Caligr\u00e1fico","url":"https:\/\/ull.grafologia.cat\/ca\/","telephone":"+34670294722","logo":{"@type":"ImageObject","url":"https:\/\/ull.grafologia.cat\/wp-content\/uploads\/2022\/12\/Logo-Gran.png","@id":"https:\/\/ull.grafologia.cat\/ca\/aviso-legalcaavis-legal\/#organizationLogo","width":832,"height":736},"image":{"@id":"https:\/\/ull.grafologia.cat\/ca\/aviso-legalcaavis-legal\/#organizationLogo"},"sameAs":["https:\/\/www.facebook.com\/mundografologia","https:\/\/twitter.com\/evagrafologia","https:\/\/www.instagram.com\/mundografologia\/","https:\/\/www.youtube.com\/mundografologia","https:\/\/www.linkedin.com\/in\/eva-miana\/?originalSubdomain=es"]},{"@type":"WebPage","@id":"https:\/\/ull.grafologia.cat\/ca\/aviso-legalcaavis-legal\/#webpage","url":"https:\/\/ull.grafologia.cat\/ca\/aviso-legalcaavis-legal\/","name":"Av\u00eds legal - Eva Mi\u00f1ana - Grafologia Peritatge Cal\u00b7ligr\u00e0fic","description":"En compliment del deure d'informaci\u00f3 que estableix la Llei La 34\/2002, d'11 de juliol, de Serveis de la Societat de la Informaci\u00f3 i del Comer\u00e7 Electr\u00f2nic","inLanguage":"ca","isPartOf":{"@id":"https:\/\/ull.grafologia.cat\/ca\/#website"},"breadcrumb":{"@id":"https:\/\/ull.grafologia.cat\/ca\/aviso-legalcaavis-legal\/#breadcrumblist"},"datePublished":"2019-05-13T18:55:53+00:00","dateModified":"2023-01-01T12:05:43+00:00"},{"@type":"WebSite","@id":"https:\/\/ull.grafologia.cat\/ca\/#website","url":"https:\/\/ull.grafologia.cat\/ca\/","name":"Eva Mi\u00f1ana - Grafolog\u00eda y Peritaje Caligr\u00e1fico","description":"Web de Eva Mi\u00f1ana dedicada a la Grafolog\u00eda y al Peritaje Caligr\u00e1fico","inLanguage":"ca","publisher":{"@id":"https:\/\/ull.grafologia.cat\/ca\/#organization"}}]},"og:locale":"ca_ES","og:site_name":"Eva Mi\u00f1ana - Grafolog\u00eda y Peritaje Caligr\u00e1fico - Web de Eva Mi\u00f1ana dedicada a la Grafolog\u00eda y al Peritaje Caligr\u00e1fico","og:type":"article","og:title":"Av\u00eds legal - Eva Mi\u00f1ana - Grafologia Peritatge Cal\u00b7ligr\u00e0fic","og:description":"En compliment del deure d'informaci\u00f3 que estableix la Llei La 34\/2002, d'11 de juliol, de Serveis de la Societat de la Informaci\u00f3 i del Comer\u00e7 Electr\u00f2nic","og:url":"https:\/\/ull.grafologia.cat\/ca\/aviso-legalcaavis-legal\/","og:image":"https:\/\/ull.grafologia.cat\/wp-content\/uploads\/2021\/03\/Eva_web_2.jpg","og:image:secure_url":"https:\/\/ull.grafologia.cat\/wp-content\/uploads\/2021\/03\/Eva_web_2.jpg","og:image:width":245,"og:image:height":245,"article:published_time":"2019-05-13T18:55:53+00:00","article:modified_time":"2023-01-01T12:05:43+00:00","article:publisher":"https:\/\/www.facebook.com\/mundografologia","twitter:card":"summary_large_image","twitter:site":"@evagrafologia","twitter:title":"Av\u00eds legal - Eva Mi\u00f1ana - Grafologia Peritatge Cal\u00b7ligr\u00e0fic","twitter:description":"En compliment del deure d'informaci\u00f3 que estableix la Llei La 34\/2002, d'11 de juliol, de Serveis de la Societat de la Informaci\u00f3 i del Comer\u00e7 Electr\u00f2nic","twitter:creator":"@evagrafologia","twitter:image":"https:\/\/ull.grafologia.cat\/wp-content\/uploads\/2021\/03\/Eva_web_2.jpg"},"aioseo_meta_data":{"post_id":"7646","title":"Av\u00eds legal - Eva Mi\u00f1ana - Grafologia Peritatge Cal\u00b7ligr\u00e0fic","description":"En compliment del deure d'informaci\u00f3 que estableix la Llei La 34\/2002, d'11 de juliol, de Serveis de la Societat de la Informaci\u00f3 i del Comer\u00e7 Electr\u00f2nic","keywords":[],"keyphrases":{"focus":{"keyphrase":"","score":0,"analysis":{"keyphraseInTitle":{"score":0,"maxScore":9,"error":1}}},"additional":[]},"primary_term":null,"canonical_url":null,"og_title":null,"og_description":null,"og_object_type":"default","og_image_type":"default","og_image_url":null,"og_image_width":null,"og_image_height":null,"og_image_custom_url":null,"og_image_custom_fields":null,"og_video":"","og_custom_url":null,"og_article_section":null,"og_article_tags":[],"twitter_use_og":false,"twitter_card":"default","twitter_image_type":"default","twitter_image_url":null,"twitter_image_custom_url":null,"twitter_image_custom_fields":null,"twitter_title":null,"twitter_description":null,"schema":{"blockGraphs":[],"customGraphs":[],"default":{"data":{"Article":[],"Course":[],"Dataset":[],"FAQPage":[],"Movie":[],"Person":[],"Product":[],"ProductReview":[],"Car":[],"Recipe":[],"Service":[],"SoftwareApplication":[],"WebPage":[]},"graphName":"WebPage","isEnabled":true},"graphs":[]},"schema_type":"default","schema_type_options":null,"pillar_content":false,"robots_default":true,"robots_noindex":false,"robots_noarchive":false,"robots_nosnippet":false,"robots_nofollow":false,"robots_noimageindex":false,"robots_noodp":false,"robots_notranslate":false,"robots_max_snippet":"-1","robots_max_videopreview":"-1","robots_max_imagepreview":"large","priority":null,"frequency":"default","local_seo":null,"limit_modified_date":false,"created":"2022-12-31 15:36:55","updated":"2026-07-08 19:57:27","ai":null,"breadcrumb_settings":null,"seo_analyzer_scan_date":null,"focus_keyword":null,"additional_keywords":null,"truseo_locale":null},"aioseo_breadcrumb":"<div class=\"aioseo-breadcrumbs\"><span class=\"aioseo-breadcrumb\">\n\t\t\t<a href=\"https:\/\/ull.grafologia.cat\/ca\/\" title=\"Inicio\">Inicio<\/a>\n\t\t<\/span><span class=\"aioseo-breadcrumb-separator\">&raquo;<\/span><span class=\"aioseo-breadcrumb\">\n\t\t\tAv\u00eds legal\n\t\t<\/span><\/div>","aioseo_breadcrumb_json":[{"label":"Inicio","link":"https:\/\/ull.grafologia.cat\/ca\/"},{"label":"Av\u00eds legal","link":"https:\/\/ull.grafologia.cat\/ca\/aviso-legalcaavis-legal\/"}],"_links":{"self":[{"href":"https:\/\/ull.grafologia.cat\/ca\/wp-json\/wp\/v2\/pages\/7646","targetHints":{"allow":["GET"]}}],"collection":[{"href":"https:\/\/ull.grafologia.cat\/ca\/wp-json\/wp\/v2\/pages"}],"about":[{"href":"https:\/\/ull.grafologia.cat\/ca\/wp-json\/wp\/v2\/types\/page"}],"author":[{"embeddable":true,"href":"https:\/\/ull.grafologia.cat\/ca\/wp-json\/wp\/v2\/users\/4"}],"replies":[{"embeddable":true,"href":"https:\/\/ull.grafologia.cat\/ca\/wp-json\/wp\/v2\/comments?post=7646"}],"version-history":[{"count":6,"href":"https:\/\/ull.grafologia.cat\/ca\/wp-json\/wp\/v2\/pages\/7646\/revisions"}],"predecessor-version":[{"id":7969,"href":"https:\/\/ull.grafologia.cat\/ca\/wp-json\/wp\/v2\/pages\/7646\/revisions\/7969"}],"wp:attachment":[{"href":"https:\/\/ull.grafologia.cat\/ca\/wp-json\/wp\/v2\/media?parent=7646"}],"curies":[{"name":"wp","href":"https:\/\/api.w.org\/{rel}","templated":true}]}}